{"id":13016,"date":"2024-10-15T07:21:18","date_gmt":"2024-10-15T05:21:18","guid":{"rendered":"https:\/\/smartcoworking.ad\/oficina-privada\/"},"modified":"2026-04-14T16:44:45","modified_gmt":"2026-04-14T14:44:45","slug":"oficina-privada","status":"publish","type":"page","link":"https:\/\/smartcoworking.ad\/ca\/oficina-privada\/","title":{"rendered":"Oficina Privada"},"content":{"rendered":"<p>[vc_row][vc_column]<div class=\"heading  default align-center subcolor-black transform-default icon-type-hidden heading-tag-h4\" id=\"like_sc_header_1073554597\"><h4 class=\"header ltx-sr-id-like_sc_header_10735545971852678947 ltx-sr ltx-sr-effect-fade_in ltx-sr-el-block ltx-sr-delay-0 ltx-sr-duration-1000 ltx-sr-sequences-0\">Oficines privades - <span>Andorra la Vella<\/span><\/h4><\/div>[vc_separator color=&#8221;custom&#8221; border_width=&#8221;3&#8243; el_width=&#8221;10&#8243; accent_color=&#8221;#730c1d&#8221;][vc_empty_space][vc_column_text]Gaudeix de la privacitat de la teva pr\u00f2pia oficina completament moblada mentre et beneficies de tots els avantatges d\u2019un entorn de coworking din\u00e0mic. A SMART Coworking, les nostres oficines privades estan pensades per a 1 a 4 persones, oferint un espai de treball professional i confortable adaptat a les teves necessitats.<\/p>\n<p>Amb la teva oficina privada obtens molt m\u00e9s que un escriptori: tindr\u00e0s acc\u00e9s a tots els nostres serveis premium, com WiFi d\u2019alta velocitat, sales de reunions, impressores, espai de caf\u00e8 i cuina, i servei de neteja diari. Tant si ets un professional independent com si formes part d\u2019un petit equip, les nostres oficines t\u2019ofereixen l\u2019equilibri perfecte entre concentraci\u00f3 i flexibilitat, permetent-te treballar de manera eficient mentre formes part d\u2019una comunitat empresarial din\u00e0mica.<\/p>\n<p>Descobreix una manera m\u00e9s intel\u00b7ligent de treballar, amb la comoditat, la privacitat i el suport que necessites per fer cr\u00e9ixer el teu negoci.[\/vc_column_text][vc_row_inner][vc_column_inner][vc_btn title=&#8221;Reserva ara&#8221; style=&#8221;custom&#8221; custom_background=&#8221;#800d20&#8243; custom_text=&#8221;#ffffff&#8221; shape=&#8221;square&#8221; align=&#8221;center&#8221; i_icon_fontawesome=&#8221;far fa-hand-point-right&#8221; css_animation=&#8221;none&#8221; add_icon=&#8221;true&#8221; css=&#8221;.vc_custom_1732801598550{margin-top: 1rem !important;margin-bottom: 1rem !important;}&#8221; link=&#8221;url:https%3A%2F%2Fsmartcoworking.ad%2Fca%2Fcontacte%2F|target:_blank|&#8221;][\/vc_column_inner][\/vc_row_inner][\/vc_column][\/vc_row][vc_section css=&#8221;.vc_custom_1729599475077{margin-top: 60px !important;margin-bottom: 60px !important;}&#8221;][vc_row el_class=&#8221;vc-private-office-slider-btn&#8221;][vc_column][vc_images_carousel images=&#8221;12726,12751,12746,12731,12736,12756,12766,12761&#8243; img_size=&#8221;full&#8221; onclick=&#8221;link_no&#8221; speed=&#8221;3000&#8243; slides_per_view=&#8221;3&#8243; autoplay=&#8221;yes&#8221; hide_pagination_control=&#8221;yes&#8221; hide_prev_next_buttons=&#8221;yes&#8221; wrap=&#8221;yes&#8221; css_animation=&#8221;none&#8221; css=&#8221;.vc_custom_1739272651947{margin-top: 0px !important;margin-right: 0px !important;margin-bottom: 0px !important;margin-left: 0px !important;padding-top: 0px !important;padding-right: 0px !important;padding-bottom: 0px !important;padding-left: 0px !important;}&#8221; el_class=&#8221;vc-coworking-andorra-slider-btn&#8221;][\/vc_column][\/vc_row][\/vc_section][vc_section disable_element=&#8221;yes&#8221; css=&#8221;.vc_custom_1739208427639{margin-top: 60px !important;margin-bottom: 60px !important;}&#8221;][vc_row content_placement=&#8221;middle&#8221;][vc_column width=&#8221;1\/2&#8243; el_class=&#8221;andorra-home-col1&#8243;]<div class=\"heading  header-underline align-left color-second transform-default icon-type-hidden heading-tag-h4\" id=\"like_sc_header_1392788568\"><h4 class=\"header ltx-sr-id-like_sc_header_13927885681535302303 ltx-sr ltx-sr-effect-fade_in ltx-sr-el-block ltx-sr-delay-0 ltx-sr-duration-1000 ltx-sr-sequences-0\">Book Your Private Office At <span>Smart Coworking Andorra<\/span><\/h4><\/div>[vc_column_text]Un cop hagis signat el contracte podr\u00e0s utilitzar la teva oficina en qualsevol moment especificat en el teu contracte.[\/vc_column_text][\/vc_column][vc_column width=&#8221;1\/2&#8243; el_class=&#8221;andorra-home-col2&#8243;][vc_single_image image=&#8221;12556&#8243; img_size=&#8221;full&#8221;][\/vc_column][\/vc_row][vc_row content_placement=&#8221;middle&#8221; css=&#8221;.vc_custom_1729599778507{margin-top: 60px !important;}&#8221;][vc_column width=&#8221;1\/2&#8243;][vc_single_image image=&#8221;12531&#8243; img_size=&#8221;full&#8221;][\/vc_column][vc_column width=&#8221;1\/2&#8243;]<div class=\"heading  header-underline align-left color-second transform-default icon-type-hidden heading-tag-h4\" id=\"like_sc_header_2006835159\"><h4 class=\"header ltx-sr-id-like_sc_header_2006835159581288073 ltx-sr ltx-sr-effect-fade_in ltx-sr-el-block ltx-sr-delay-0 ltx-sr-duration-1000 ltx-sr-sequences-0\">Booking The <span>Meeting Room<\/span><\/h4><\/div>[vc_column_text]Abans d&#8217;utilitzar l&#8217;oficina haurias de confirmar la disponibilitat amb nosaltres. Pots reservar una sala des d&#8217;una hora fins a un dia sencer.[\/vc_column_text][\/vc_column][\/vc_row][vc_row content_placement=&#8221;middle&#8221; css=&#8221;.vc_custom_1729762838015{margin-top: 60px !important;margin-bottom: 60px !important;}&#8221;][vc_column width=&#8221;1\/2&#8243; el_class=&#8221;andorra-home-col1&#8243;]<div class=\"heading  header-underline align-left color-second transform-default icon-type-hidden heading-tag-h4\" id=\"like_sc_header_463982109\"><h4 class=\"header ltx-sr-id-like_sc_header_463982109579749132 ltx-sr ltx-sr-effect-fade_in ltx-sr-el-block ltx-sr-delay-0 ltx-sr-duration-1000 ltx-sr-sequences-0\">Private Office Prices <span>In Andorra<\/span><\/h4><\/div>[vc_column_text]<\/p>\n<div class=\"kc-elm kc-css-67713 kc_text_block\">\n<p>Tenint en compte la nostra ubicaci\u00f3 i entorn professional, les nostres tarifes d&#8217;oficina privada s\u00f3n molt competitives.<\/p>\n<\/div>\n<p>[\/vc_column_text][\/vc_column][vc_column width=&#8221;1\/2&#8243; el_class=&#8221;andorra-home-col2&#8243;][vc_single_image image=&#8221;12481&#8243; img_size=&#8221;full&#8221;][\/vc_column][\/vc_row][\/vc_section][vc_section css=&#8221;.vc_custom_1729599581405{margin-top: 60px !important;}&#8221;][vc_row][vc_column]<div class=\"heading  default align-center color-black subcolor-black transform-default icon-type-hidden   vc_custom_1744811620374 heading-tag-h4\" id=\"like_sc_header_1337504445\"><h4 class=\"header ltx-sr-id-like_sc_header_1337504445483545661 ltx-sr ltx-sr-effect-fade_in ltx-sr-el-block ltx-sr-delay-0 ltx-sr-duration-1000 ltx-sr-sequences-0\">Les nostres tarifes per a Oficines privades<\/h4><\/div>[vc_separator color=&#8221;custom&#8221; border_width=&#8221;3&#8243; el_width=&#8221;10&#8243; accent_color=&#8221;#730c1d&#8221;][\/vc_column][\/vc_row][vc_row css=&#8221;.vc_custom_1729668324738{margin-top: 40px !important;margin-bottom: 40px !important;}&#8221;][vc_column][vc_tta_tabs alignment=&#8221;center&#8221; active_section=&#8221;1&#8243;][vc_tta_section title=&#8221;Economy&#8221; tab_id=&#8221;Economy&#8221;]<div class=\"heading  default align-left transform-default icon-type-hidden   vc_custom_1744811654980 heading-tag-h5\" id=\"like_sc_header_1506856114\"><h5 class=\"header ltx-sr-id-like_sc_header_15068561141665278390 ltx-sr ltx-sr-effect-fade_in ltx-sr-el-block ltx-sr-delay-0 ltx-sr-duration-1000 ltx-sr-sequences-0\">Tipus Economy - Des de 430\u202f\u20ac <span>sense IGI<\/span><\/h5><\/div>[vc_column_text]<\/p>\n<ul>\n<li>Acc\u00e9s il\u00b7limitat els 7 dies de la setmana<\/li>\n<li>Espai privat<\/li>\n<li>Sala de reunions de 4 hores inclou al mes<\/li>\n<li>Inclou 160 impressions en blanc i negre al mes<\/li>\n<li>Recepci\u00f3 de cartes i paquets<\/li>\n<li>Nom de l&#8217;empresa al directori<\/li>\n<li>Preinstal\u00b7laci\u00f3 d&#8217;Andorra Telecom (servei telef\u00f2nic) i FEDA (contador d&#8217;electricitat) necess\u00e0ria per a l&#8217;obertura al Registre Mercantil.<\/li>\n<li>Wifi<\/li>\n<li>Acc\u00e9s a zona de descans i lavabos en zones comunes<\/li>\n<li>Descompte en la reserva de sales de reunions.<\/li>\n<li>Contracte m\u00ednim 1 any<\/li>\n<\/ul>\n<p>[\/vc_column_text][\/vc_tta_section][vc_tta_section title=&#8221;Business&#8221; tab_id=&#8221;Business&#8221;]<div class=\"heading  default align-left transform-default icon-type-hidden   vc_custom_1744811672563 heading-tag-h5\" id=\"like_sc_header_2118550712\"><h5 class=\"header \">Tipus Business - Des de 520\u202f\u20ac <span>sense IGI<\/span><\/h5><\/div>[vc_column_text]<\/p>\n<ul>\n<li>Acc\u00e9s il\u00b7limitat els 7 dies de la setmana<\/li>\n<li>Espai privat<\/li>\n<li>Sala de reunions de 4 hores inclou al mes<\/li>\n<li>Inclou 160 impressions en blanc i negre al mes<\/li>\n<li>Recepci\u00f3 de cartes i paquets<\/li>\n<li>Nom de l&#8217;empresa al directori<\/li>\n<li>Preinstal\u00b7laci\u00f3 d&#8217;Andorra Telecom (servei telef\u00f2nic) i FEDA (contador d&#8217;electricitat) necess\u00e0ria per a l&#8217;obertura al Registre Mercantil.<\/li>\n<li>Wifi<\/li>\n<li>Acc\u00e9s a zona de descans i lavabos en zones comunes<\/li>\n<li>Descompte en la reserva de sales de reunions.<\/li>\n<li>Contracte m\u00ednim 1 any<\/li>\n<\/ul>\n<p>[\/vc_column_text][\/vc_tta_section][vc_tta_section title=&#8221;Executive&#8221; tab_id=&#8221;Executive&#8221;]<div class=\"heading  default align-left transform-default icon-type-hidden   vc_custom_1744811693588 heading-tag-h5\" id=\"like_sc_header_260452993\"><h5 class=\"header \">Tipus Executive - Des de 650\u202f\u20ac <span>sense IGI<\/span><\/h5><\/div>[vc_column_text]<\/p>\n<ul>\n<li>Acc\u00e9s il\u00b7limitat els 7 dies de la setmana<\/li>\n<li>Espai privat<\/li>\n<li>Sala de reunions de 4 hores inclou al mes<\/li>\n<li>Inclou 160 impressions en blanc i negre al mes<\/li>\n<li>Recepci\u00f3 de cartes i paquets<\/li>\n<li>Nom de l&#8217;empresa al directori<\/li>\n<li>Preinstal\u00b7laci\u00f3 d&#8217;Andorra Telecom (servei telef\u00f2nic) i FEDA (contador d&#8217;electricitat) necess\u00e0ria per a l&#8217;obertura al Registre Mercantil.<\/li>\n<li>Wifi<\/li>\n<li>Acc\u00e9s a zona de descans i lavabos en zones comunes<\/li>\n<li>Descompte en la reserva de sales de reunions.<\/li>\n<li>Contracte m\u00ednim 1 any<\/li>\n<\/ul>\n<p>[\/vc_column_text][\/vc_tta_section][\/vc_tta_tabs][\/vc_column][\/vc_row][\/vc_section][vc_section full_width=&#8221;stretch_row&#8221; disable_element=&#8221;yes&#8221; bg_overlay=&#8221;half&#8221; css=&#8221;.vc_custom_1739208181970{margin-right: 0px !important;margin-left: 0px !important;background-image: url(https:\/\/smartcoworking.ad\/wp-content\/uploads\/2024\/10\/smart-executive-coworking-banner-3.jpg?id=9969) !important;background-position: center !important;background-repeat: no-repeat !important;background-size: cover !important;}&#8221;][vc_row full_width=&#8221;stretch_row&#8221; content_placement=&#8221;middle&#8221; css=&#8221;.vc_custom_1729769854194{margin-right: 0px !important;margin-left: 0px !important;padding-top: 100px !important;padding-bottom: 100px !important;}&#8221;][vc_column width=&#8221;1\/3&#8243;][\/vc_column][vc_column width=&#8221;1\/3&#8243;]<div class=\"heading  header-underline align-center color-white transform-default icon-type-hidden   vc_custom_1729668343554 heading-tag-h3\" id=\"like_sc_header_875352224\"><h3 class=\"header \">Our prices include<\/h3><\/div>[vc_column_text el_class=&#8221;andorra-para-color&#8221;]<\/p>\n<ul class=\"content-desc\">\n<li>Recepci\u00f3 de cartes i paquets<\/li>\n<li>Nom de l&#8217;empresa al directori<\/li>\n<li>Preinstal\u00b7laci\u00f3 d&#8217;Andorra Telecom (servei telef\u00f2nic) i FEDA (contador d&#8217;electricitat) necess\u00e0ria per a l&#8217;obertura al Registre Mercantil.<\/li>\n<li>Wifi a les zones comunes<\/li>\n<li>Acc\u00e9s a zona de descans i lavabos en zones comunes<\/li>\n<li>Descompte en la reserva de sales de reunions.<\/li>\n<li>Contracte m\u00ednim 1 any<\/li>\n<\/ul>\n<p>[\/vc_column_text][\/vc_column][vc_column width=&#8221;1\/3&#8243;][\/vc_column][\/vc_row][\/vc_section][vc_section css=&#8221;.vc_custom_1729599581405{margin-top: 60px !important;}&#8221;][vc_row][vc_column]<div class=\"heading  default align-center color-black subcolor-black transform-default icon-type-hidden   vc_custom_1744811731845 heading-tag-h4\" id=\"like_sc_header_2128698887\"><h4 class=\"header ltx-sr-id-like_sc_header_2128698887661136046 ltx-sr ltx-sr-effect-fade_in ltx-sr-el-block ltx-sr-delay-0 ltx-sr-duration-1000 ltx-sr-sequences-0\">Caracter\u00edstiques addicionals de les oficines privades<\/h4><\/div>[vc_separator color=&#8221;custom&#8221; border_width=&#8221;3&#8243; el_width=&#8221;10&#8243; accent_color=&#8221;#730c1d&#8221;][\/vc_column][\/vc_row][\/vc_section][vc_section css=&#8221;.vc_custom_1729669332794{margin-top: 30px !important;margin-bottom: 60px !important;}&#8221;][vc_row][vc_column width=&#8221;1\/3&#8243;]<div class=\"es-resp\">\t<div class=\"visible-xl\" style=\"height: 64px;\"><\/div>\t<div class=\"hidden-xl hidden-md hidden-sm hidden-ms hidden-xs\" style=\"height: 64px;\"><\/div>\t<div class=\"visible-md\" style=\"height: 64px;\"><\/div>\t<div class=\"visible-sm \" style=\"height: 64px;\"><\/div>\t<div class=\"visible-ms\" style=\"height: 32px;\"><\/div>\t<div class=\"visible-xs\" style=\"height: 32px;\"><\/div><\/div>[vc_custom_heading text=&#8221;Economy&#8221; font_container=&#8221;tag:h6|font_size:20px|text_align:left|color:%23ffffff&#8221; google_fonts=&#8221;font_family:Roboto%3A100%2C100italic%2C300%2C300italic%2Cregular%2Citalic%2C500%2C500italic%2C700%2C700italic%2C900%2C900italic|font_style:700%20bold%20regular%3A700%3Anormal&#8221; css_animation=&#8221;none&#8221; css=&#8221;.vc_custom_1739265322857{padding-top: 10px !important;padding-right: 30px !important;padding-bottom: 10px !important;padding-left: 30px !important;background-color: #800d20 !important;}&#8221;][vc_single_image image=&#8221;12731&#8243; img_size=&#8221;1000&#215;668&#8243;][vc_empty_space][vc_column_text]<\/p>\n<ul>\n<li>Mida: a partir de 10 m\u00b2<\/li>\n<li>Capacitat: 1 a 2 persones<\/li>\n<li>A\/C: no<\/li>\n<li>Finestres: no<\/li>\n<\/ul>\n<p>[\/vc_column_text]<div class=\"es-resp\"><\/div>[\/vc_column][vc_column width=&#8221;1\/3&#8243;]<div class=\"es-resp\">\t<div class=\"visible-xl\" style=\"height: 64px;\"><\/div>\t<div class=\"hidden-xl hidden-md hidden-sm hidden-ms hidden-xs\" style=\"height: 64px;\"><\/div>\t<div class=\"visible-md\" style=\"height: 64px;\"><\/div>\t<div class=\"visible-sm \" style=\"height: 64px;\"><\/div>\t<div class=\"visible-ms\" style=\"height: 32px;\"><\/div>\t<div class=\"visible-xs\" style=\"height: 32px;\"><\/div><\/div>[vc_custom_heading text=&#8221;Business&#8221; font_container=&#8221;tag:h6|font_size:20px|text_align:left|color:%23ffffff&#8221; google_fonts=&#8221;font_family:Roboto%3A100%2C100italic%2C300%2C300italic%2Cregular%2Citalic%2C500%2C500italic%2C700%2C700italic%2C900%2C900italic|font_style:700%20bold%20regular%3A700%3Anormal&#8221; css_animation=&#8221;none&#8221; css=&#8221;.vc_custom_1739265351628{padding-top: 10px !important;padding-right: 30px !important;padding-bottom: 10px !important;padding-left: 30px !important;background-color: #800d20 !important;}&#8221;][vc_single_image image=&#8221;13815&#8243; img_size=&#8221;full&#8221;][vc_empty_space][vc_column_text]<\/p>\n<ul>\n<li>Mida: a partir de 10 m\u00b2<\/li>\n<li>Capacitat: 1 a 2 persones<\/li>\n<li>A\/C: no<\/li>\n<li>Windows: s\u00ed<\/li>\n<\/ul>\n<p>[\/vc_column_text]<div class=\"es-resp\">\t<div class=\"visible-xl\" style=\"height: 64px;\"><\/div>\t<div class=\"hidden-xl hidden-md hidden-sm hidden-ms hidden-xs\" style=\"height: 64px;\"><\/div>\t<div class=\"visible-md\" style=\"height: 64px;\"><\/div>\t<div class=\"visible-sm \" style=\"height: 64px;\"><\/div>\t<div class=\"visible-ms\" style=\"height: 32px;\"><\/div>\t<div class=\"visible-xs\" style=\"height: 32px;\"><\/div><\/div>[\/vc_column][vc_column width=&#8221;1\/3&#8243;]<div class=\"es-resp\">\t<div class=\"visible-xl\" style=\"height: 64px;\"><\/div>\t<div class=\"hidden-xl hidden-md hidden-sm hidden-ms hidden-xs\" style=\"height: 64px;\"><\/div>\t<div class=\"visible-md\" style=\"height: 64px;\"><\/div>\t<div class=\"visible-sm \" style=\"height: 64px;\"><\/div>\t<div class=\"visible-ms\" style=\"height: 32px;\"><\/div>\t<div class=\"visible-xs\" style=\"height: 32px;\"><\/div><\/div>[vc_custom_heading text=&#8221;Executive&#8221; font_container=&#8221;tag:h6|font_size:20px|text_align:left|color:%23ffffff&#8221; google_fonts=&#8221;font_family:Roboto%3A100%2C100italic%2C300%2C300italic%2Cregular%2Citalic%2C500%2C500italic%2C700%2C700italic%2C900%2C900italic|font_style:700%20bold%20regular%3A700%3Anormal&#8221; css_animation=&#8221;none&#8221; css=&#8221;.vc_custom_1739265360047{padding-top: 10px !important;padding-right: 30px !important;padding-bottom: 10px !important;padding-left: 30px !important;background-color: #800d20 !important;}&#8221;][vc_single_image image=&#8221;13809&#8243; img_size=&#8221;full&#8221;][vc_empty_space][vc_column_text]<\/p>\n<ul>\n<li>Mida: a partir de 20 m\u00b2<\/li>\n<li>Capacitat: 1 a 4 persones<\/li>\n<li>A\/C: s\u00ed<\/li>\n<li>Windows: s\u00ed<\/li>\n<\/ul>\n<p>[\/vc_column_text]<div class=\"es-resp\">\t<div class=\"visible-xl\" style=\"height: 64px;\"><\/div>\t<div class=\"hidden-xl hidden-md hidden-sm hidden-ms hidden-xs\" style=\"height: 64px;\"><\/div>\t<div class=\"visible-md\" style=\"height: 64px;\"><\/div>\t<div class=\"visible-sm \" style=\"height: 64px;\"><\/div>\t<div class=\"visible-ms\" style=\"height: 32px;\"><\/div>\t<div class=\"visible-xs\" style=\"height: 32px;\"><\/div><\/div>[\/vc_column][\/vc_row][\/vc_section][vc_row][vc_column][vc_tta_accordion color=&#8221;white&#8221; active_section=&#8221;1&#8243; css=&#8221;.vc_custom_1729595919658{margin-top: 40px !important;}&#8221;][vc_tta_section title=&#8221;Tenir un espai de treball privat a Andorra&#8221; tab_id=&#8221;1729595624840-9414a927-81f7&#8243;][vc_column_text]A SMART Coworking Andorra oferim a empreses o aut\u00f2noms oficines totalment privades per desenvolupar el seu negoci al Principat. Pots triar entre les diferents opcions d&#8217;oficina que tenim disponibles per a tu, en funci\u00f3 de les teves necessitats, gustos i pressupost.[\/vc_column_text][\/vc_tta_section][vc_tta_section title=&#8221;Qu\u00e8 \u00e9s una oficina privada a SMART Coworking?&#8221; tab_id=&#8221;1729595624840-13c11574-afd4&#8243;][vc_column_text]\u00c9s un espai de treball dins d&#8217;un centre de coworking, per\u00f2 amb la mateixa privadesa que tindries si estiguessis en una oficina independent. Tanmateix, podeu beneficiar-vos dels avantatges comuns que ofereix el centre de negocis i dels serveis addicionals que oferim als nostres clients. Pots afegir serveis professionals sempre que els necessitis, amb total flexibilitat i la seguretat de comptar amb especialistes amb experi\u00e8ncia a Andorra. A m\u00e9s, les oficines privades estan totalment homologades per al proc\u00e9s de registre comercial.[\/vc_column_text][\/vc_tta_section][vc_tta_section title=&#8221;Per qu\u00e8 llogar una oficina privada en SMART Coworking en lloc de llogar una oficina convencional a Andorra?&#8221; tab_id=&#8221;1729596164685-518e9c70-730b&#8221;][vc_column_text]La durada dels contractes de lloguer de locals comercials a Andorra, segons la Llei 3\/2019, ha de ser d&#8217;almenys 4 anys. Aix\u00f2 vol dir que estar\u00e0 subjecte a les caracter\u00edstiques de l&#8217;espai sense possibilitat d&#8217;augmentar-lo o reduir-lo en el termini establert. A SMART Coworking el contracte m\u00ednim \u00e9s d&#8217;1 any, un temps prudent per a les start-ups, que permet ajustar l&#8217;espai a les teves necessitats i no al rev\u00e9s. Al final del contracte tindreu la flexibilitat de decidir si voleu mantenir l&#8217;oficina actual o traslladar-vos a una oficina m\u00e9s gran o m\u00e9s petita.[\/vc_column_text][\/vc_tta_section][vc_tta_section title=&#8221;Quins serveis estan inclosos amb el meu despatx privat?&#8221; tab_id=&#8221;1729596210454-0d7ed8fa-63c9&#8243;][vc_column_text]<strong>Les oficines privades inclouen els serveis seg\u00fcents:<\/strong><\/p>\n<ul>\n<li>Domicili social i comercial a Andorra<\/li>\n<li>\u00das de l&#8217;adre\u00e7a en cap\u00e7aleres, targetes i llocs web<\/li>\n<li>Preinstal\u00b7laci\u00f3 d&#8217;Andorra Telecom<\/li>\n<li>Taulell individual de FEDA per obertura en Comer\u00e7 (Registre de Comer\u00e7) *<\/li>\n<li>Acc\u00e9s a les nostres instal\u00b7lacions 7\/24<\/li>\n<li>4 hores de sala de reunions gratu\u00eftes al mes<\/li>\n<li>Descompte en les tarifes de les sales de reunions<\/li>\n<li>Notificaci\u00f3 per correu electr\u00f2nic de correspond\u00e8ncia\/correu rebut<\/li>\n<li>Tarifes especials del servei de neteja<\/li>\n<\/ul>\n<p><strong>* Registre de fins a 2 negocis incl\u00f2s amb el lloguer d&#8217;una oficina privada a SMART.<\/strong>[\/vc_column_text][\/vc_tta_section][vc_tta_section title=&#8221;A quins serveis professionals addicionals tinc acc\u00e9s?&#8221; tab_id=&#8221;1729596372344-6da63177-bf5f&#8221;][vc_column_text]<\/p>\n<ul>\n<li>Serveis legals i fiscals<\/li>\n<li>Comptabilitat \/ Manteniment empresarial<\/li>\n<li>Serveis de m\u00e0rqueting<\/li>\n<li>Serveis de secretaria \/ consergeria<\/li>\n<li>Serveis administratius<\/li>\n<li>Assessorament estrat\u00e8gic d&#8217;empresa<\/li>\n<li>Traduccions CAT, ES, FR, EN, DE, RU, IT<\/li>\n<\/ul>\n<p>Tamb\u00e9 col\u00b7laborem amb despatxos d&#8217;advocats especialitzats, per la qual cosa estem a la teva disposici\u00f3 per a qualsevol altre servei que necessitis que no estigui descrit anteriorment.[\/vc_column_text][\/vc_tta_section][vc_tta_section title=&#8221;Quin mobiliari est\u00e0 incl\u00f2s als despatxos?&#8221; tab_id=&#8221;1729596437991-990da55a-59fb&#8221;][vc_column_text]Oferim als nostres clients la possibilitat de llogar una oficina privada amb mobiliari b\u00e0sic que li permetr\u00e0 operar amb tranquil\u00b7litat i comoditat des del primer dia.<br \/>\nL&#8217;estaci\u00f3 de treball inclou:<\/p>\n<ul>\n<li>Un escriptori<\/li>\n<li>Una cadira girat\u00f2ria<\/li>\n<li>Un pedestal m\u00f2bil (amb 3 calaixos i clau)<\/li>\n<li>Una paperera<\/li>\n<\/ul>\n<p>L&#8217;oficina ja est\u00e0 equipada amb un armari de 82 cm x 100 cm i un penjador.[\/vc_column_text][\/vc_tta_section][\/vc_tta_accordion][\/vc_column][\/vc_row][vc_row][vc_column]<div class=\"es-resp\">\t<div class=\"visible-xl\" style=\"height: 64px;\"><\/div>\t<div class=\"hidden-xl hidden-md hidden-sm hidden-ms hidden-xs\" style=\"height: 64px;\"><\/div>\t<div class=\"visible-md\" style=\"height: 64px;\"><\/div>\t<div class=\"visible-sm \" style=\"height: 64px;\"><\/div>\t<div class=\"visible-ms\" style=\"height: 32px;\"><\/div>\t<div class=\"visible-xs\" style=\"height: 32px;\"><\/div><\/div>[\/vc_column][\/vc_row]<\/p>\n","protected":false},"excerpt":{"rendered":"<p>[vc_row][vc_column][vc_separator color=&#8221;custom&#8221; border_width=&#8221;3&#8243; el_width=&#8221;10&#8243; accent_color=&#8221;#730c1d&#8221;][vc_empty_space][vc_column_text]Gaudeix de la privacitat de la teva pr\u00f2pia oficina completament moblada mentre et beneficies de tots els avantatges d\u2019un entorn de coworking din\u00e0mic. A SMART Coworking, les nostres oficines privades estan pensades per a 1 a 4 persones, oferint un espai de treball professional i confortable adaptat a les teves necessitats. Amb la teva oficina privada obtens molt m\u00e9s que un escriptori: tindr\u00e0s acc\u00e9s a tots els nostres serveis premium, com WiFi d\u2019alta velocitat, sales de reunions, impressores, espai de caf\u00e8 i cuina, i servei de neteja diari. Tant si ets un professional independent com si formes part d\u2019un petit equip, les nostres oficines t\u2019ofereixen l\u2019equilibri perfecte entre concentraci\u00f3 i flexibilitat, permetent-te treballar de manera eficient [&hellip;]<\/p>\n","protected":false},"author":2,"featured_media":0,"parent":0,"menu_order":0,"comment_status":"closed","ping_status":"closed","template":"page-templates\/full-width.php","meta":{"_acf_changed":false,"_coblocks_attr":"","_coblocks_dimensions":"","_coblocks_responsive_height":"","_coblocks_accordion_ie_support":"","footnotes":""},"class_list":["post-13016","page","type-page","status-publish","hentry"],"acf":[],"yoast_head":"<!-- This site is optimized with the Yoast SEO plugin v27.5 - https:\/\/yoast.com\/product\/yoast-seo-wordpress\/ -->\n<title>SMART Coworking Andorra Oficina privada<\/title>\n<meta name=\"description\" content=\"Oficines Privades a Andorra La Vella. Diferents opcions segons la mida del seu negoci, des de 10 fins a 20m2, amb serveis inclosos.\" \/>\n<meta name=\"robots\" content=\"index, follow, max-snippet:-1, max-image-preview:large, max-video-preview:-1\" \/>\n<link rel=\"canonical\" href=\"https:\/\/smartcoworking.ad\/ca\/oficina-privada\/\" \/>\n<meta property=\"og:locale\" content=\"ca_ES\" \/>\n<meta property=\"og:type\" content=\"article\" \/>\n<meta property=\"og:title\" content=\"SMART Coworking Andorra Oficina privada\" \/>\n<meta property=\"og:description\" content=\"Oficines Privades a Andorra La Vella. Diferents opcions segons la mida del seu negoci, des de 10 fins a 20m2, amb serveis inclosos.\" \/>\n<meta property=\"og:url\" content=\"https:\/\/smartcoworking.ad\/ca\/oficina-privada\/\" \/>\n<meta property=\"og:site_name\" content=\"SMART Coworking\" \/>\n<meta property=\"article:publisher\" content=\"https:\/\/www.facebook.com\/smartexecutiveandorra\" \/>\n<meta property=\"article:modified_time\" content=\"2026-04-14T14:44:45+00:00\" \/>\n<meta name=\"twitter:card\" content=\"summary_large_image\" \/>\n<meta name=\"twitter:site\" content=\"@smart_exe_and\" \/>\n<meta name=\"twitter:label1\" content=\"Temps estimat de lectura\" \/>\n\t<meta name=\"twitter:data1\" content=\"7 minuts\" \/>\n<script type=\"application\/ld+json\" class=\"yoast-schema-graph\">{\"@context\":\"https:\\\/\\\/schema.org\",\"@graph\":[{\"@type\":\"WebPage\",\"@id\":\"https:\\\/\\\/smartcoworking.ad\\\/ca\\\/oficina-privada\\\/\",\"url\":\"https:\\\/\\\/smartcoworking.ad\\\/ca\\\/oficina-privada\\\/\",\"name\":\"SMART Coworking Andorra Oficina privada\",\"isPartOf\":{\"@id\":\"https:\\\/\\\/smartcoworking.ad\\\/ca\\\/#website\"},\"datePublished\":\"2024-10-15T05:21:18+00:00\",\"dateModified\":\"2026-04-14T14:44:45+00:00\",\"description\":\"Oficines Privades a Andorra La Vella. Diferents opcions segons la mida del seu negoci, des de 10 fins a 20m2, amb serveis inclosos.\",\"breadcrumb\":{\"@id\":\"https:\\\/\\\/smartcoworking.ad\\\/ca\\\/oficina-privada\\\/#breadcrumb\"},\"inLanguage\":\"ca\",\"potentialAction\":[{\"@type\":\"ReadAction\",\"target\":[\"https:\\\/\\\/smartcoworking.ad\\\/ca\\\/oficina-privada\\\/\"]}]},{\"@type\":\"BreadcrumbList\",\"@id\":\"https:\\\/\\\/smartcoworking.ad\\\/ca\\\/oficina-privada\\\/#breadcrumb\",\"itemListElement\":[{\"@type\":\"ListItem\",\"position\":1,\"name\":\"A casa\",\"item\":\"https:\\\/\\\/smartcoworking.ad\\\/ca\\\/\"},{\"@type\":\"ListItem\",\"position\":2,\"name\":\"Oficina Privada\"}]},{\"@type\":\"WebSite\",\"@id\":\"https:\\\/\\\/smartcoworking.ad\\\/ca\\\/#website\",\"url\":\"https:\\\/\\\/smartcoworking.ad\\\/ca\\\/\",\"name\":\"SMART Coworking\",\"description\":\"Coworking Spaces in Andorra\",\"potentialAction\":[{\"@type\":\"SearchAction\",\"target\":{\"@type\":\"EntryPoint\",\"urlTemplate\":\"https:\\\/\\\/smartcoworking.ad\\\/ca\\\/?s={search_term_string}\"},\"query-input\":{\"@type\":\"PropertyValueSpecification\",\"valueRequired\":true,\"valueName\":\"search_term_string\"}}],\"inLanguage\":\"ca\"}]}<\/script>\n<!-- \/ Yoast SEO plugin. -->","yoast_head_json":{"title":"SMART Coworking Andorra Oficina privada","description":"Oficines Privades a Andorra La Vella. Diferents opcions segons la mida del seu negoci, des de 10 fins a 20m2, amb serveis inclosos.","robots":{"index":"index","follow":"follow","max-snippet":"max-snippet:-1","max-image-preview":"max-image-preview:large","max-video-preview":"max-video-preview:-1"},"canonical":"https:\/\/smartcoworking.ad\/ca\/oficina-privada\/","og_locale":"ca_ES","og_type":"article","og_title":"SMART Coworking Andorra Oficina privada","og_description":"Oficines Privades a Andorra La Vella. Diferents opcions segons la mida del seu negoci, des de 10 fins a 20m2, amb serveis inclosos.","og_url":"https:\/\/smartcoworking.ad\/ca\/oficina-privada\/","og_site_name":"SMART Coworking","article_publisher":"https:\/\/www.facebook.com\/smartexecutiveandorra","article_modified_time":"2026-04-14T14:44:45+00:00","twitter_card":"summary_large_image","twitter_site":"@smart_exe_and","twitter_misc":{"Temps estimat de lectura":"7 minuts"},"schema":{"@context":"https:\/\/schema.org","@graph":[{"@type":"WebPage","@id":"https:\/\/smartcoworking.ad\/ca\/oficina-privada\/","url":"https:\/\/smartcoworking.ad\/ca\/oficina-privada\/","name":"SMART Coworking Andorra Oficina privada","isPartOf":{"@id":"https:\/\/smartcoworking.ad\/ca\/#website"},"datePublished":"2024-10-15T05:21:18+00:00","dateModified":"2026-04-14T14:44:45+00:00","description":"Oficines Privades a Andorra La Vella. Diferents opcions segons la mida del seu negoci, des de 10 fins a 20m2, amb serveis inclosos.","breadcrumb":{"@id":"https:\/\/smartcoworking.ad\/ca\/oficina-privada\/#breadcrumb"},"inLanguage":"ca","potentialAction":[{"@type":"ReadAction","target":["https:\/\/smartcoworking.ad\/ca\/oficina-privada\/"]}]},{"@type":"BreadcrumbList","@id":"https:\/\/smartcoworking.ad\/ca\/oficina-privada\/#breadcrumb","itemListElement":[{"@type":"ListItem","position":1,"name":"A casa","item":"https:\/\/smartcoworking.ad\/ca\/"},{"@type":"ListItem","position":2,"name":"Oficina Privada"}]},{"@type":"WebSite","@id":"https:\/\/smartcoworking.ad\/ca\/#website","url":"https:\/\/smartcoworking.ad\/ca\/","name":"SMART Coworking","description":"Coworking Spaces in Andorra","potentialAction":[{"@type":"SearchAction","target":{"@type":"EntryPoint","urlTemplate":"https:\/\/smartcoworking.ad\/ca\/?s={search_term_string}"},"query-input":{"@type":"PropertyValueSpecification","valueRequired":true,"valueName":"search_term_string"}}],"inLanguage":"ca"}]}},"_links":{"self":[{"href":"https:\/\/smartcoworking.ad\/ca\/wp-json\/wp\/v2\/pages\/13016","targetHints":{"allow":["GET"]}}],"collection":[{"href":"https:\/\/smartcoworking.ad\/ca\/wp-json\/wp\/v2\/pages"}],"about":[{"href":"https:\/\/smartcoworking.ad\/ca\/wp-json\/wp\/v2\/types\/page"}],"author":[{"embeddable":true,"href":"https:\/\/smartcoworking.ad\/ca\/wp-json\/wp\/v2\/users\/2"}],"replies":[{"embeddable":true,"href":"https:\/\/smartcoworking.ad\/ca\/wp-json\/wp\/v2\/comments?post=13016"}],"version-history":[{"count":11,"href":"https:\/\/smartcoworking.ad\/ca\/wp-json\/wp\/v2\/pages\/13016\/revisions"}],"predecessor-version":[{"id":15375,"href":"https:\/\/smartcoworking.ad\/ca\/wp-json\/wp\/v2\/pages\/13016\/revisions\/15375"}],"wp:attachment":[{"href":"https:\/\/smartcoworking.ad\/ca\/wp-json\/wp\/v2\/media?parent=13016"}],"curies":[{"name":"wp","href":"https:\/\/api.w.org\/{rel}","templated":true}]}}