{"id":12985,"date":"2019-01-30T20:21:33","date_gmt":"2019-01-30T19:21:33","guid":{"rendered":"https:\/\/smartcoworking.ad\/pagina-de-inicio-coworking\/"},"modified":"2026-04-29T11:55:41","modified_gmt":"2026-04-29T09:55:41","slug":"pagina-de-inicio-coworking","status":"publish","type":"page","link":"https:\/\/smartcoworking.ad\/es\/","title":{"rendered":"P\u00e1gina de inicio Coworking"},"content":{"rendered":"<p>[vc_row full_width=\u00bbstretch_row_content_no_spaces\u00bb full_height=\u00bbyes\u00bb css=\u00bb.vc_custom_1736965956337{background-image: url(https:\/\/smartcoworking.ad\/wp-content\/uploads\/2025\/01\/Smart-Coworking-10-scaled-e1736965930463.jpg?id=13732) !important;background-position: center !important;background-repeat: no-repeat !important;background-size: cover !important;}\u00bb][vc_column]<div class=\"es-resp\">\t<div class=\"visible-xl\" style=\"height: 180px;\"><\/div>\t<div class=\"hidden-xl hidden-md hidden-sm hidden-ms hidden-xs\" style=\"height: 180px;\"><\/div>\t<div class=\"visible-md\" style=\"height: 180px;\"><\/div>\t<div class=\"visible-sm \" style=\"height: 180px;\"><\/div>\t<div class=\"visible-ms\" style=\"height: 32px;\"><\/div>\t<div class=\"visible-xs\" style=\"height: 32px;\"><\/div><\/div><div class=\"heading  heading-large header-multi-color align-left color-white transform-default icon-type-hidden   vc_custom_1742667060359 heading-tag-h1\" id=\"like_sc_header_843160105\"><h1 class=\"header ltx-sr-id-like_sc_header_843160105686229242 ltx-sr ltx-sr-effect-fade_in ltx-sr-el-block ltx-sr-delay-0 ltx-sr-duration-1000 ltx-sr-sequences-0\">SMART Coworking Andorra<\/h1><\/div><div class=\"heading  heading-large default align-left color-white subcolor-main transform-default icon-type-hidden   vc_custom_1744377144294 heading-tag-h5\" id=\"like_sc_header_43355466\"><h5 class=\"header ltx-sr-id-like_sc_header_43355466447024739 ltx-sr ltx-sr-effect-fade_in ltx-sr-el-block ltx-sr-delay-0 ltx-sr-duration-1000 ltx-sr-sequences-0\">Domiciliaci\u00f3n de empresas y espacios de trabajo flexibles para impulsar tu negocio<\/h5><\/div>[\/vc_column][vc_column][\/vc_column][\/vc_row][vc_row full_width=\u00bbstretch_row_content_no_spaces\u00bb disable_element=\u00bbyes\u00bb bg_color_select=\u00bbblack\u00bb theme_section=\u00bbdisplaced-top\u00bb][vc_column]<div class=\"slider-zoom  zoom-default  zoom-style-default  zoom-origin-center-center  overlay-dots  bullets-false  zoom-content-effect-fade-top\" id=\"like_sc_zoom_slider_1038627918\" data-zs-prev=\"\" data-zs-next=\"\" data-zs-overlay=\"dots\" data-zs-initzoom=\"1.2\" data-zs-speed=\"20000\" data-zs-interval=\"4500\" data-zs-switchSpeed=\"7000\" data-zs-arrows=\"true\" data-zs-bullets=\"false\" data-zs-src='[&#34;https:\\\/\\\/smartcoworking.ad\\\/wp-content\\\/uploads\\\/2024\\\/12\\\/test-home-3-scaled.jpg&#34;]'><div class=\"container ltx-zs-slider-wrapper\"><div class=\"ltx-zs-slider-inner  inited visible  ltx-zs-slide-0\" data-index=\"0\">[vc_row full_height=\"yes\"][vc_column]<div class=\"es-resp\">\t<div class=\"visible-xl\" style=\"height: 140px;\"><\/div>\t<div class=\"hidden-xl hidden-md hidden-sm hidden-ms hidden-xs\" style=\"height: 140px;\"><\/div>\t<div class=\"visible-md\" style=\"height: 140px;\"><\/div>\t<div class=\"visible-sm \" style=\"height: 120px;\"><\/div>\t<div class=\"visible-ms\" style=\"height: 120px;\"><\/div>\t<div class=\"visible-xs\" style=\"height: 120px;\"><\/div><\/div>[\/vc_column][\/vc_row][vc_row content_placement=\"bottom\" text_align=\"center-ms\"][vc_column offset=\"vc_col-lg-12 vc_col-md-6\"]<div class=\"heading  heading-large header-multi-color align-left color-white subcolor-main transform-default icon-type-hidden heading-tag-h1\" id=\"like_sc_header_949223844\"><h1 class=\"header \">SMART <span> Coworking Andorra <\/span><\/h1><\/div><div class=\"es-resp\">\t<div class=\"visible-xl\" style=\"height: 32px;\"><\/div>\t<div class=\"hidden-xl hidden-md hidden-sm hidden-ms hidden-xs\" style=\"height: 32px;\"><\/div>\t<div class=\"visible-md\" style=\"height: 32px;\"><\/div>\t<div class=\"visible-sm \" style=\"height: 32px;\"><\/div>\t<div class=\"visible-ms\" style=\"height: 32px;\"><\/div>\t<div class=\"visible-xs\" style=\"height: 32px;\"><\/div><\/div><div class=\"heading  heading-large default align-left color-white subcolor-main transform-default icon-type-hidden heading-tag-h5\" id=\"like_sc_header_397251934\"><h5 class=\"header \">Business domiciliation and flexible workspaces to drive your business forward<\/h5><\/div><div class=\"es-resp\">\t<div class=\"visible-xl\" style=\"height: 140px;\"><\/div>\t<div class=\"hidden-xl hidden-md hidden-sm hidden-ms hidden-xs\" style=\"height: 140px;\"><\/div>\t<div class=\"visible-md\" style=\"height: 140px;\"><\/div>\t<div class=\"visible-sm \" style=\"height: 120px;\"><\/div>\t<div class=\"visible-ms\" style=\"height: 120px;\"><\/div>\t<div class=\"visible-xs\" style=\"height: 120px;\"><\/div><\/div>[\/vc_column][\/vc_row]<\/div><\/div><\/div>[\/vc_column][\/vc_row][vc_section full_width=\u00bbstretch_row\u00bb text_align=\u00bbcenter-md-sm-ms\u00bb][vc_row][vc_column]<div class=\"es-resp\"><\/div>[\/vc_column][\/vc_row][vc_row][vc_column width=\u00bb1\/6&#8243;][\/vc_column][vc_column width=\u00bb2\/3&#8243;]<div class=\"heading  default align-center transform-default icon-type-hidden heading-tag-h5\" id=\"like_sc_header_517605826\"><h5 class=\"header ltx-sr-id-like_sc_header_517605826260303794 ltx-sr ltx-sr-effect-fade_in ltx-sr-el-block ltx-sr-delay-0 ltx-sr-duration-1000 ltx-sr-sequences-0\">Descubre una forma m\u00e1s inteligente de trabajar en Andorra<\/h5><\/div>[vc_column_text css=\u00bb.vc_custom_1752487643061{margin-bottom: 10px !important;}\u00bb]<\/p>\n<p class=\"p1\" style=\"text-align: center;\"><strong>SMART Coworking &#8211; el primer y m\u00e1s grande espacio de coworking premium de Andorra &#8211; est\u00e1 situado a pocos pasos de las principales instituciones gubernamentales de Andorra la Vella. Nuestras modernas instalaciones de 1600 m\u00b2 ofrecen un entorno profesional en el coraz\u00f3n de los Pirineos. <\/strong><\/p>\n<p>[\/vc_column_text][vc_column_text css=\u00bb.vc_custom_1742667649514{margin-bottom: 10px !important;}\u00bb]<\/p>\n<p style=\"text-align: center;\"><strong>Elige entre espacios compartidos din\u00e1micos u oficinas privadas que ofrecen la flexibilidad que necesitas para hacer crecer tu negocio y cumplir con todos los requisitos legales de domiciliaci\u00f3n. Con presencia en Barcelona, permanecer conectado m\u00e1s all\u00e1 de las fronteras no supone ning\u00fan esfuerzo. <\/strong><\/p>\n<p>[\/vc_column_text][vc_column_text css=\u00bb.vc_custom_1742667656265{margin-bottom: 10px !important;}\u00bb]<\/p>\n<p class=\"p1\" style=\"text-align: center;\"><strong>\u00danete a nuestra comunidad y mejora tu experiencia laboral hoy mismo.<\/strong><\/p>\n<p>[\/vc_column_text]<div class=\"es-resp\">\t<div class=\"visible-xl\" style=\"height: 24px;\"><\/div>\t<div class=\"hidden-xl hidden-md hidden-sm hidden-ms hidden-xs\" style=\"height: 24px;\"><\/div>\t<div class=\"visible-md\" style=\"height: 24px;\"><\/div>\t<div class=\"visible-sm \" style=\"height: 24px;\"><\/div>\t<div class=\"visible-ms\" style=\"height: 24px;\"><\/div>\t<div class=\"visible-xs\" style=\"height: 24px;\"><\/div><\/div>[\/vc_column][vc_column width=\u00bb1\/6&#8243;][\/vc_column][\/vc_row][\/vc_section][vc_section full_width=\u00bbstretch_row\u00bb disable_element=\u00bbyes\u00bb text_align=\u00bbcenter-md-sm-ms\u00bb][vc_row equal_height=\u00bbyes\u00bb][vc_column offset=\u00bbvc_col-lg-6&#8243;][vc_single_image image=\u00bb12530&#8243; img_size=\u00bbfull\u00bb style=\u00bbvc_box_shadow_border\u00bb][\/vc_column][vc_column offset=\u00bbvc_col-lg-6&#8243;]<div class=\"heading  default align-left color-second transform-default icon-type-hidden   vc_custom_1729659208867 heading-tag-h4\" id=\"like_sc_header_1273136182\"><h4 class=\"header \">Coworking and Offices in Andorra<\/h4><\/div>[vc_column_text css=\u00bb.vc_custom_1728910779009{margin-bottom: 10px !important;}\u00bb]SMART Coworking es el primer centro premium de coworking y negocios de Andorra. M\u00e1s de 1600 m2 de espacio moderno a disposici\u00f3n de las empresas locales y de empresas de todo el mundo.[\/vc_column_text][vc_column_text css=\u00bb.vc_custom_1728910786252{margin-bottom: 10px !important;}\u00bb]Situados a menos de 200 m de las principales instituciones gubernamentales, as\u00ed como del Com\u00fa de Andorra la Vella, podemos ofrecer a nuestros inquilinos la comodidad de estar en una ubicaci\u00f3n perfecta para sus proyectos empresariales.[\/vc_column_text][vc_column_text]Haz crecer tu empresa en nuestro espacio de coworking desde el principio. Cuando necesites m\u00e1s espacio y empleados, puedes trasladarte de nuestro espacio de coworking a nuestras oficinas privadas. Atendemos desde peque\u00f1os empresarios hasta medianas empresas.[\/vc_column_text]<div class=\"es-resp\">\t<div class=\"visible-xl\" style=\"height: 48px;\"><\/div>\t<div class=\"hidden-xl hidden-md hidden-sm hidden-ms hidden-xs\" style=\"height: 48px;\"><\/div>\t<div class=\"visible-md\" style=\"height: 48px;\"><\/div>\t<div class=\"visible-sm \" style=\"height: 48px;\"><\/div>\t<div class=\"visible-ms\" style=\"height: 32px;\"><\/div>\t<div class=\"visible-xs\" style=\"height: 32px;\"><\/div><\/div>[\/vc_column][\/vc_row][\/vc_section][vc_section full_width=\u00bbstretch_row\u00bb disable_element=\u00bbyes\u00bb text_align=\u00bbcenter-md-sm-ms\u00bb css=\u00bb.vc_custom_1733840254813{margin-top: 40px !important;}\u00bb][vc_row equal_height=\u00bbyes\u00bb][vc_column offset=\u00bbvc_col-lg-6&#8243; el_class=\u00bbandorra-home-col1&#8243;]<div class=\"heading  default align-left color-second transform-default icon-type-hidden   vc_custom_1729659226803 heading-tag-h4\" id=\"like_sc_header_2010805569\"><h4 class=\"header \">Natural environment<\/h4><\/div>[vc_column_text css=\u00bb.vc_custom_1729060626291{margin-bottom: 10px !important;}\u00bb]Descubre nuestros modernos locales que cumplen todos los requisitos para <a href=\"https:\/\/www.andorra-solutions.com\/\">establecer tu empresa<\/a> en Andorra.<\/p>\n<p>Cada oficina tiene su propia conexi\u00f3n el\u00e9ctrica y telef\u00f3nica para permitirte la m\u00e1xima flexibilidad y seguridad a la vez que cumples los requisitos de fondo de las autoridades locales.<\/p>\n<div class=\"kc-elm kc-css-240020 kc_text_block\">\n<p>Puedes elegir entre nuestra moderna zona de coworking o un despacho individual privado. Haz crecer tu negocio con SMART, desde un proyecto hasta una empresa con varias oficinas y empleados. Podemos ayudarte con todos los tama\u00f1os.<\/p>\n<\/div>\n<p>[\/vc_column_text][\/vc_column][vc_column offset=\u00bbvc_col-lg-6&#8243; el_class=\u00bbandorra-home-col2&#8243;][vc_single_image image=\u00bb12675&#8243; img_size=\u00bbfull\u00bb alignment=\u00bbcenter\u00bb style=\u00bbvc_box_shadow_border\u00bb][\/vc_column][\/vc_row][\/vc_section][vc_section full_width=\u00bbstretch_row\u00bb disable_element=\u00bbyes\u00bb text_align=\u00bbcenter-md-sm-ms\u00bb css=\u00bb.vc_custom_1733840350386{margin-top: 60px !important;}\u00bb][vc_row equal_height=\u00bbyes\u00bb content_placement=\u00bbmiddle\u00bb][vc_column offset=\u00bbvc_col-lg-6&#8243;][vc_single_image image=\u00bb12680&#8243; img_size=\u00bbfull\u00bb style=\u00bbvc_box_shadow_border\u00bb][\/vc_column][vc_column offset=\u00bbvc_col-lg-6&#8243;]<div class=\"heading  default align-left color-second transform-default icon-type-hidden   vc_custom_1729659238419 heading-tag-h4\" id=\"like_sc_header_1194470308\"><h4 class=\"header \">Conference facilities<\/h4><\/div>[vc_column_text css=\u00bb.vc_custom_1729060788964{margin-bottom: 10px !important;}\u00bb]Descubre nuestros modernos locales que cumplen todos los requisitos para <a href=\"https:\/\/www.andorra-solutions.com\/\">establecer tu empresa<\/a> en Andorra.<\/p>\n<div class=\"kc-elm kc-css-103800 kc_col-sm-6 kc_column_inner kc_col-sm-6\">\n<div class=\"kc_wrapper kc-col-inner-container\">\n<div class=\"kc-elm kc-css-789886 kc_text_block\">\n<p>SMART Coworking en Andorra la Vella puede proporcionarte salas de conferencias y cualquier log\u00edstica para eventos o reuniones que necesites.<\/p>\n<\/div>\n<\/div>\n<\/div>\n<p>[\/vc_column_text]<div class=\"es-resp\">\t<div class=\"visible-xl\" style=\"height: 48px;\"><\/div>\t<div class=\"hidden-xl hidden-md hidden-sm hidden-ms hidden-xs\" style=\"height: 48px;\"><\/div>\t<div class=\"visible-md\" style=\"height: 48px;\"><\/div>\t<div class=\"visible-sm \" style=\"height: 48px;\"><\/div>\t<div class=\"visible-ms\" style=\"height: 32px;\"><\/div>\t<div class=\"visible-xs\" style=\"height: 32px;\"><\/div><\/div>[\/vc_column][\/vc_row][vc_row][vc_column]<div class=\"es-resp\">\t<div class=\"visible-xl\" style=\"height: 90px;\"><\/div>\t<div class=\"hidden-xl hidden-md hidden-sm hidden-ms hidden-xs\" style=\"height: 90px;\"><\/div>\t<div class=\"visible-md\" style=\"height: 80px;\"><\/div>\t<div class=\"visible-sm \" style=\"height: 80px;\"><\/div>\t<div class=\"visible-ms\" style=\"height: 80px;\"><\/div>\t<div class=\"visible-xs\" style=\"height: 80px;\"><\/div><\/div>[\/vc_column][\/vc_row][\/vc_section][vc_section full_width=\u00bbstretch_row\u00bb content_placement=\u00bbmiddle\u00bb css=\u00bb.vc_custom_1742386092869{background-color: #800d20 !important;}\u00bb][vc_row][vc_column]<div class=\"es-resp\">\t<div class=\"visible-xl\" style=\"height: 20px;\"><\/div>\t<div class=\"hidden-xl hidden-md hidden-sm hidden-ms hidden-xs\" style=\"height: 20px;\"><\/div>\t<div class=\"visible-md\" style=\"height: 20px;\"><\/div>\t<div class=\"visible-sm \" style=\"height: 20px;\"><\/div>\t<div class=\"visible-ms\" style=\"height: 32px;\"><\/div>\t<div class=\"visible-xs\" style=\"height: 32px;\"><\/div><\/div>[\/vc_column][\/vc_row][vc_row gap=\u00bb15&#8243; bg_color_select=\u00bbtheme_color\u00bb bg_pos=\u00bbcenter-center\u00bb css=\u00bb.vc_custom_1736957521418{padding-bottom: 50px !important;background-color: #800d20 !important;background-position: center !important;background-repeat: no-repeat !important;background-size: cover !important;}\u00bb][vc_column width=\u00bb1\/4&#8243; css=\u00bb.vc_custom_1737393729230{background-color: rgba(255,255,255,0) !important;*background-color: rgb(255,255,255) !important;border-radius: 10px !important;}\u00bb][vc_single_image image=\u00bb15512&#8243; img_size=\u00bbfull\u00bb alignment=\u00bbcenter\u00bb onclick=\u00bbcustom_link\u00bb link=\u00bbhttps:\/\/smartcoworking.ad\/es\/escritorio-dedicado\/\u00bb el_id=\u00bbmy-rounded-box\u00bb][\/vc_column][vc_column width=\u00bb1\/4&#8243; border_shadow=\u00bbshadow\u00bb css=\u00bb.vc_custom_1737394376824{background-color: rgba(255,255,255,0) !important;*background-color: rgb(255,255,255) !important;}\u00bb][vc_single_image image=\u00bb15506&#8243; img_size=\u00bbfull\u00bb alignment=\u00bbcenter\u00bb onclick=\u00bbcustom_link\u00bb link=\u00bbhttps:\/\/smartcoworking.ad\/es\/escritorio-compartido\/\u00bb el_id=\u00bbmy-rounded-box\u00bb][\/vc_column][vc_column width=\u00bb1\/4&#8243; css=\u00bb.vc_custom_1737394343699{background-color: rgba(255,255,255,0) !important;*background-color: rgb(255,255,255) !important;}\u00bb][vc_single_image image=\u00bb15524&#8243; img_size=\u00bbfull\u00bb alignment=\u00bbcenter\u00bb onclick=\u00bbcustom_link\u00bb link=\u00bbhttps:\/\/smartcoworking.ad\/es\/oficina-privada\/\u00bb el_id=\u00bbmy-rounded-box\u00bb][\/vc_column][vc_column width=\u00bb1\/4&#8243; css=\u00bb.vc_custom_1737394395493{background-color: rgba(255,255,255,0) !important;*background-color: rgb(255,255,255) !important;}\u00bb][vc_single_image image=\u00bb15530&#8243; img_size=\u00bbfull\u00bb alignment=\u00bbcenter\u00bb onclick=\u00bbcustom_link\u00bb link=\u00bbhttps:\/\/smartcoworking.ad\/es\/salas-de-reuniones-andorra\/\u00bb el_id=\u00bbmy-rounded-box\u00bb][\/vc_column][\/vc_row][\/vc_section][vc_section full_width=\u00bbstretch_row\u00bb content_placement=\u00bbmiddle\u00bb disable_element=\u00bbyes\u00bb css=\u00bb.vc_custom_1742386171452{background-color: #800d20 !important;}\u00bb][vc_row][vc_column]<div class=\"heading  default align-center color-white transform-default icon-type-hidden heading-tag-h5\" id=\"like_sc_header_398502291\"><h5 class=\"header ltx-sr-id-like_sc_header_398502291794605080 ltx-sr ltx-sr-effect-fade_in ltx-sr-el-block ltx-sr-delay-0 ltx-sr-duration-1000 ltx-sr-sequences-0\">Already a Coworking Expert? Choose One of the Options Below<\/h5><\/div><div class=\"es-resp\">\t<div class=\"visible-xl\" style=\"height: 20px;\"><\/div>\t<div class=\"hidden-xl hidden-md hidden-sm hidden-ms hidden-xs\" style=\"height: 20px;\"><\/div>\t<div class=\"visible-md\" style=\"height: 20px;\"><\/div>\t<div class=\"visible-sm \" style=\"height: 20px;\"><\/div>\t<div class=\"visible-ms\" style=\"height: 32px;\"><\/div>\t<div class=\"visible-xs\" style=\"height: 32px;\"><\/div><\/div>[\/vc_column][\/vc_row][vc_row gap=\u00bb15&#8243; bg_color_select=\u00bbtheme_color\u00bb bg_pos=\u00bbcenter-center\u00bb css=\u00bb.vc_custom_1736957521418{padding-bottom: 50px !important;background-color: #800d20 !important;background-position: center !important;background-repeat: no-repeat !important;background-size: cover !important;}\u00bb][vc_column width=\u00bb1\/4&#8243; css=\u00bb.vc_custom_1737393729230{background-color: rgba(255,255,255,0) !important;*background-color: rgb(255,255,255) !important;border-radius: 10px !important;}\u00bb][vc_single_image image=\u00bb13692&#8243; img_size=\u00bbfull\u00bb alignment=\u00bbcenter\u00bb onclick=\u00bbcustom_link\u00bb link=\u00bbhttps:\/\/smartcoworking.ad\/es\/escritorio-dedicado\/\u00bb][vc_custom_heading text=\u00bbMesas fijas\u00bb font_container=\u00bbtag:h3|text_align:center|color:%23fff9f9&#8243; use_theme_fonts=\u00bbyes\u00bb css_animation=\u00bbfadeIn\u00bb css=\u00bb.vc_custom_1737544344142{margin-top: -40% !important;margin-bottom: 40% !important;}\u00bb link=\u00bburl:https%3A%2F%2Fsmartcoworking.ad%2Fes%2Fescritorio-dedicado%2F|title:Dedicated%20Desk|\u00bb][vc_column_text css=\u00bb.vc_custom_1742379202587{margin-top: -42% !important;margin-bottom: 42% !important;}\u00bb]<\/p>\n<p style=\"text-align: center;\"><span style=\"color: #ffffff;\">Desde <strong>295 \u20ac<\/strong> al mes<\/span><\/p>\n<p>[\/vc_column_text][\/vc_column][vc_column width=\u00bb1\/4&#8243; border_shadow=\u00bbshadow\u00bb css=\u00bb.vc_custom_1737394376824{background-color: rgba(255,255,255,0) !important;*background-color: rgb(255,255,255) !important;}\u00bb][vc_single_image image=\u00bb13704&#8243; img_size=\u00bbfull\u00bb alignment=\u00bbcenter\u00bb onclick=\u00bbcustom_link\u00bb link=\u00bbhttps:\/\/smartcoworking.ad\/es\/escritorio-compartido\/\u00bb][vc_custom_heading text=\u00bbHot desks\u00bb font_container=\u00bbtag:h3|text_align:center|color:%23ffffff\u00bb use_theme_fonts=\u00bbyes\u00bb css_animation=\u00bbfadeIn\u00bb css=\u00bb.vc_custom_1737544376010{margin-top: -40% !important;margin-bottom: 40% !important;}\u00bb link=\u00bburl:https%3A%2F%2Fsmartcoworking.ad%2Fes%2Fescritorio-compartido%2F|title:Escritorio%20compartido|\u00bb][vc_column_text css=\u00bb.vc_custom_1742381902470{margin-top: -42% !important;margin-bottom: 42% !important;}\u00bb]<\/p>\n<p style=\"text-align: center;\"><span style=\"color: #ffffff;\">Desde <strong>13 \u20ac<\/strong> por 4 horas<\/span><\/p>\n<p>[\/vc_column_text][\/vc_column][vc_column width=\u00bb1\/4&#8243; css=\u00bb.vc_custom_1737394343699{background-color: rgba(255,255,255,0) !important;*background-color: rgb(255,255,255) !important;}\u00bb][vc_single_image image=\u00bb13958&#8243; img_size=\u00bbfull\u00bb alignment=\u00bbcenter\u00bb onclick=\u00bbcustom_link\u00bb link=\u00bbhttps:\/\/smartcoworking.ad\/es\/oficina-privada\/\u00bb][\/vc_column][vc_column width=\u00bb1\/4&#8243; css=\u00bb.vc_custom_1737394395493{background-color: rgba(255,255,255,0) !important;*background-color: rgb(255,255,255) !important;}\u00bb][vc_single_image image=\u00bb13698&#8243; img_size=\u00bbfull\u00bb alignment=\u00bbcenter\u00bb onclick=\u00bbcustom_link\u00bb link=\u00bbhttps:\/\/smartcoworking.ad\/es\/salas-de-reuniones-andorra\/\u00bb][vc_custom_heading text=\u00bbSalas de conferencias\u00bb font_container=\u00bbtag:h3|text_align:center|color:%23ffffff\u00bb use_theme_fonts=\u00bbyes\u00bb css_animation=\u00bbfadeIn\u00bb css=\u00bb.vc_custom_1737544388013{margin-top: -40% !important;margin-bottom: 40% !important;}\u00bb link=\u00bburl:https%3A%2F%2Fsmartcoworking.ad%2Fes%2Fsalas-de-reuniones-andorra%2F|title:Salas%20de%20reuniones%20Andorra|\u00bb][vc_column_text css=\u00bb.vc_custom_1742381985471{margin-top: -42% !important;margin-bottom: 42% !important;}\u00bb]<\/p>\n<p style=\"text-align: center;\"><span style=\"color: #ffffff;\">Desde <strong>28 \u20ac<\/strong> por hora<\/span><\/p>\n<p>[\/vc_column_text][\/vc_column][\/vc_row][\/vc_section][vc_section][vc_row][vc_column]<div class=\"es-resp\">\t<div class=\"visible-xl\" style=\"height: 90px;\"><\/div>\t<div class=\"hidden-xl hidden-md hidden-sm hidden-ms hidden-xs\" style=\"height: 90px;\"><\/div>\t<div class=\"visible-md\" style=\"height: 90px;\"><\/div>\t<div class=\"visible-sm \" style=\"height: 90px;\"><\/div>\t<div class=\"visible-ms\" style=\"height: 32px;\"><\/div>\t<div class=\"visible-xs\" style=\"height: 32px;\"><\/div><\/div>[\/vc_column][\/vc_row][vc_row equal_height=\u00bbyes\u00bb content_placement=\u00bbmiddle\u00bb css=\u00bb.vc_custom_1729772107076{padding-right: 0px !important;}\u00bb][vc_column width=\u00bb1\/2&#8243;][vc_video link=\u00bbhttps:\/\/youtu.be\/LO8O3MtEekA\u00bb][\/vc_column][vc_column width=\u00bb1\/2&#8243; css=\u00bb.vc_custom_1730783656333{padding-top: 30px !important;padding-left: 30px !important;}\u00bb][vc_column_text]<\/p>\n<h5>Explora la \u00faltima ampliaci\u00f3n de nuestro espacio de trabajo en Andorra<\/h5>\n<p>Descubre en este v\u00eddeo la zona ampliada de nuestras instalaciones de coworking en Andorra. En SMART Coworking, nos comprometemos a ofrecer una experiencia cada vez m\u00e1s completa a nuestros coworkers. Cada espacio ha sido dise\u00f1ado para ofrecer un entorno inspirador y productivo, con la flexibilidad y el ambiente colaborativo que profesionales, emprendedores y empresas necesitan para impulsar sus proyectos en el coraz\u00f3n de los Pirineos.[\/vc_column_text][\/vc_column][\/vc_row][vc_row][vc_column]<div class=\"es-resp\">\t<div class=\"visible-xl\" style=\"height: 64px;\"><\/div>\t<div class=\"hidden-xl hidden-md hidden-sm hidden-ms hidden-xs\" style=\"height: 64px;\"><\/div>\t<div class=\"visible-md\" style=\"height: 64px;\"><\/div>\t<div class=\"visible-sm \" style=\"height: 64px;\"><\/div>\t<div class=\"visible-ms\" style=\"height: 32px;\"><\/div>\t<div class=\"visible-xs\" style=\"height: 32px;\"><\/div><\/div>[\/vc_column][\/vc_row][\/vc_section][vc_row full_width=\u00bbstretch_row_content_no_spaces\u00bb][vc_column]<div class=\"gallery-sc swiper-gallery swiper-container  grid-big\"><div class=\"swiper-wrapper\">\t\t\t\t<div class=\"swiper-slide\">\r\n\t\t\t<a href=\"\/\/smartcoworking.ad\/wp-content\/uploads\/2025\/01\/Smart-Coworking-11-scaled.jpg\" class=\"swipebox photo \">\r\n\r\n\t\t\t\t<span>\r\n\t\t\t\t<img loading=\"lazy\" decoding=\"async\" width=\"480\" height=\"480\" src=\"https:\/\/smartcoworking.ad\/wp-content\/uploads\/2025\/01\/Smart-Coworking-11-480x480.jpg\" class=\"attachment-hub2b-gallery-grid-big size-hub2b-gallery-grid-big\" alt=\"\" srcset=\"https:\/\/smartcoworking.ad\/wp-content\/uploads\/2025\/01\/Smart-Coworking-11-480x480.jpg 480w, https:\/\/smartcoworking.ad\/wp-content\/uploads\/2025\/01\/Smart-Coworking-11-150x150.jpg 150w, https:\/\/smartcoworking.ad\/wp-content\/uploads\/2025\/01\/Smart-Coworking-11-24x24.jpg 24w, https:\/\/smartcoworking.ad\/wp-content\/uploads\/2025\/01\/Smart-Coworking-11-48x48.jpg 48w, https:\/\/smartcoworking.ad\/wp-content\/uploads\/2025\/01\/Smart-Coworking-11-96x96.jpg 96w, https:\/\/smartcoworking.ad\/wp-content\/uploads\/2025\/01\/Smart-Coworking-11-300x300.jpg 300w, https:\/\/smartcoworking.ad\/wp-content\/uploads\/2025\/01\/Smart-Coworking-11-364x364.jpg 364w, https:\/\/smartcoworking.ad\/wp-content\/uploads\/2025\/01\/Smart-Coworking-11-50x50.jpg 50w, https:\/\/smartcoworking.ad\/wp-content\/uploads\/2025\/01\/Smart-Coworking-11-110x110.jpg 110w, https:\/\/smartcoworking.ad\/wp-content\/uploads\/2025\/01\/Smart-Coworking-11-275x275.jpg 275w\" sizes=\"auto, (max-width: 480px) 100vw, 480px\" \/>\t\t\t\t<\/span>\r\n\t\t\t<\/a>\r\n\t\t<\/div>\r\n\t\t\t\t<div class=\"swiper-slide\">\r\n\t\t\t<a href=\"\/\/smartcoworking.ad\/wp-content\/uploads\/2025\/01\/COWORKING-ALTA-30-scaled-e1736964205459.jpg\" class=\"swipebox photo \">\r\n\r\n\t\t\t\t<span>\r\n\t\t\t\t<img loading=\"lazy\" decoding=\"async\" width=\"480\" height=\"480\" src=\"https:\/\/smartcoworking.ad\/wp-content\/uploads\/2025\/01\/COWORKING-ALTA-30-480x480.jpg\" class=\"attachment-hub2b-gallery-grid-big size-hub2b-gallery-grid-big\" alt=\"\" srcset=\"https:\/\/smartcoworking.ad\/wp-content\/uploads\/2025\/01\/COWORKING-ALTA-30-480x480.jpg 480w, https:\/\/smartcoworking.ad\/wp-content\/uploads\/2025\/01\/COWORKING-ALTA-30-150x150.jpg 150w, https:\/\/smartcoworking.ad\/wp-content\/uploads\/2025\/01\/COWORKING-ALTA-30-24x24.jpg 24w, https:\/\/smartcoworking.ad\/wp-content\/uploads\/2025\/01\/COWORKING-ALTA-30-48x48.jpg 48w, https:\/\/smartcoworking.ad\/wp-content\/uploads\/2025\/01\/COWORKING-ALTA-30-96x96.jpg 96w, https:\/\/smartcoworking.ad\/wp-content\/uploads\/2025\/01\/COWORKING-ALTA-30-300x300.jpg 300w, https:\/\/smartcoworking.ad\/wp-content\/uploads\/2025\/01\/COWORKING-ALTA-30-364x364.jpg 364w, https:\/\/smartcoworking.ad\/wp-content\/uploads\/2025\/01\/COWORKING-ALTA-30-50x50.jpg 50w, https:\/\/smartcoworking.ad\/wp-content\/uploads\/2025\/01\/COWORKING-ALTA-30-110x110.jpg 110w, https:\/\/smartcoworking.ad\/wp-content\/uploads\/2025\/01\/COWORKING-ALTA-30-275x275.jpg 275w\" sizes=\"auto, (max-width: 480px) 100vw, 480px\" \/>\t\t\t\t<\/span>\r\n\t\t\t<\/a>\r\n\t\t<\/div>\r\n\t\t\t\t<div class=\"swiper-slide\">\r\n\t\t\t<a href=\"\/\/smartcoworking.ad\/wp-content\/uploads\/2025\/01\/COWORKING-ALTA-35-scaled-e1736956651778.jpg\" class=\"swipebox photo \">\r\n\r\n\t\t\t\t<span>\r\n\t\t\t\t<img loading=\"lazy\" decoding=\"async\" width=\"480\" height=\"480\" src=\"https:\/\/smartcoworking.ad\/wp-content\/uploads\/2025\/01\/COWORKING-ALTA-35-scaled-e1736956651778-480x480.jpg\" class=\"attachment-hub2b-gallery-grid-big size-hub2b-gallery-grid-big\" alt=\"\" srcset=\"https:\/\/smartcoworking.ad\/wp-content\/uploads\/2025\/01\/COWORKING-ALTA-35-scaled-e1736956651778-480x480.jpg 480w, https:\/\/smartcoworking.ad\/wp-content\/uploads\/2025\/01\/COWORKING-ALTA-35-scaled-e1736956651778-150x150.jpg 150w, https:\/\/smartcoworking.ad\/wp-content\/uploads\/2025\/01\/COWORKING-ALTA-35-scaled-e1736956651778-24x24.jpg 24w, https:\/\/smartcoworking.ad\/wp-content\/uploads\/2025\/01\/COWORKING-ALTA-35-scaled-e1736956651778-48x48.jpg 48w, https:\/\/smartcoworking.ad\/wp-content\/uploads\/2025\/01\/COWORKING-ALTA-35-scaled-e1736956651778-96x96.jpg 96w, https:\/\/smartcoworking.ad\/wp-content\/uploads\/2025\/01\/COWORKING-ALTA-35-scaled-e1736956651778-300x300.jpg 300w, https:\/\/smartcoworking.ad\/wp-content\/uploads\/2025\/01\/COWORKING-ALTA-35-scaled-e1736956651778-364x364.jpg 364w, https:\/\/smartcoworking.ad\/wp-content\/uploads\/2025\/01\/COWORKING-ALTA-35-scaled-e1736956651778-50x50.jpg 50w, https:\/\/smartcoworking.ad\/wp-content\/uploads\/2025\/01\/COWORKING-ALTA-35-scaled-e1736956651778-110x110.jpg 110w, https:\/\/smartcoworking.ad\/wp-content\/uploads\/2025\/01\/COWORKING-ALTA-35-scaled-e1736956651778-275x275.jpg 275w\" sizes=\"auto, (max-width: 480px) 100vw, 480px\" \/>\t\t\t\t<\/span>\r\n\t\t\t<\/a>\r\n\t\t<\/div>\r\n\t\t\t\t<div class=\"swiper-slide\">\r\n\t\t\t<a href=\"\/\/smartcoworking.ad\/wp-content\/uploads\/2025\/01\/Smart-Coworking-4-scaled-e1736955965604.jpg\" class=\"swipebox photo \">\r\n\r\n\t\t\t\t<span>\r\n\t\t\t\t<img loading=\"lazy\" decoding=\"async\" width=\"480\" height=\"480\" src=\"https:\/\/smartcoworking.ad\/wp-content\/uploads\/2025\/01\/Smart-Coworking-4-480x480.jpg\" class=\"attachment-hub2b-gallery-grid-big size-hub2b-gallery-grid-big\" alt=\"meeting room\" srcset=\"https:\/\/smartcoworking.ad\/wp-content\/uploads\/2025\/01\/Smart-Coworking-4-480x480.jpg 480w, https:\/\/smartcoworking.ad\/wp-content\/uploads\/2025\/01\/Smart-Coworking-4-150x150.jpg 150w, https:\/\/smartcoworking.ad\/wp-content\/uploads\/2025\/01\/Smart-Coworking-4-24x24.jpg 24w, https:\/\/smartcoworking.ad\/wp-content\/uploads\/2025\/01\/Smart-Coworking-4-48x48.jpg 48w, https:\/\/smartcoworking.ad\/wp-content\/uploads\/2025\/01\/Smart-Coworking-4-96x96.jpg 96w, https:\/\/smartcoworking.ad\/wp-content\/uploads\/2025\/01\/Smart-Coworking-4-300x300.jpg 300w, https:\/\/smartcoworking.ad\/wp-content\/uploads\/2025\/01\/Smart-Coworking-4-364x364.jpg 364w, https:\/\/smartcoworking.ad\/wp-content\/uploads\/2025\/01\/Smart-Coworking-4-50x50.jpg 50w, https:\/\/smartcoworking.ad\/wp-content\/uploads\/2025\/01\/Smart-Coworking-4-110x110.jpg 110w, https:\/\/smartcoworking.ad\/wp-content\/uploads\/2025\/01\/Smart-Coworking-4-275x275.jpg 275w\" sizes=\"auto, (max-width: 480px) 100vw, 480px\" \/>\t\t\t\t<\/span>\r\n\t\t\t<\/a>\r\n\t\t<\/div>\r\n\t\t\t\t<div class=\"swiper-slide\">\r\n\t\t\t<a href=\"\/\/smartcoworking.ad\/wp-content\/uploads\/2025\/01\/Smart-Coworking-16-scaled-e1736956301584.jpg\" class=\"swipebox photo \">\r\n\r\n\t\t\t\t<span>\r\n\t\t\t\t<img loading=\"lazy\" decoding=\"async\" width=\"480\" height=\"480\" src=\"https:\/\/smartcoworking.ad\/wp-content\/uploads\/2025\/01\/Smart-Coworking-16-480x480.jpg\" class=\"attachment-hub2b-gallery-grid-big size-hub2b-gallery-grid-big\" alt=\"\" srcset=\"https:\/\/smartcoworking.ad\/wp-content\/uploads\/2025\/01\/Smart-Coworking-16-480x480.jpg 480w, https:\/\/smartcoworking.ad\/wp-content\/uploads\/2025\/01\/Smart-Coworking-16-150x150.jpg 150w, https:\/\/smartcoworking.ad\/wp-content\/uploads\/2025\/01\/Smart-Coworking-16-24x24.jpg 24w, https:\/\/smartcoworking.ad\/wp-content\/uploads\/2025\/01\/Smart-Coworking-16-48x48.jpg 48w, https:\/\/smartcoworking.ad\/wp-content\/uploads\/2025\/01\/Smart-Coworking-16-96x96.jpg 96w, https:\/\/smartcoworking.ad\/wp-content\/uploads\/2025\/01\/Smart-Coworking-16-300x300.jpg 300w, https:\/\/smartcoworking.ad\/wp-content\/uploads\/2025\/01\/Smart-Coworking-16-364x364.jpg 364w, https:\/\/smartcoworking.ad\/wp-content\/uploads\/2025\/01\/Smart-Coworking-16-50x50.jpg 50w, https:\/\/smartcoworking.ad\/wp-content\/uploads\/2025\/01\/Smart-Coworking-16-110x110.jpg 110w, https:\/\/smartcoworking.ad\/wp-content\/uploads\/2025\/01\/Smart-Coworking-16-275x275.jpg 275w\" sizes=\"auto, (max-width: 480px) 100vw, 480px\" \/>\t\t\t\t<\/span>\r\n\t\t\t<\/a>\r\n\t\t<\/div>\r\n\t\t\t\t<div class=\"swiper-slide\">\r\n\t\t\t<a href=\"\/\/smartcoworking.ad\/wp-content\/uploads\/2024\/12\/test-home-4-scaled.jpg\" class=\"swipebox photo \">\r\n\r\n\t\t\t\t<span>\r\n\t\t\t\t<img loading=\"lazy\" decoding=\"async\" width=\"480\" height=\"480\" src=\"https:\/\/smartcoworking.ad\/wp-content\/uploads\/2024\/12\/test-home-4-480x480.jpg\" class=\"attachment-hub2b-gallery-grid-big size-hub2b-gallery-grid-big\" alt=\"\" srcset=\"https:\/\/smartcoworking.ad\/wp-content\/uploads\/2024\/12\/test-home-4-480x480.jpg 480w, https:\/\/smartcoworking.ad\/wp-content\/uploads\/2024\/12\/test-home-4-150x150.jpg 150w, https:\/\/smartcoworking.ad\/wp-content\/uploads\/2024\/12\/test-home-4-24x24.jpg 24w, https:\/\/smartcoworking.ad\/wp-content\/uploads\/2024\/12\/test-home-4-48x48.jpg 48w, https:\/\/smartcoworking.ad\/wp-content\/uploads\/2024\/12\/test-home-4-96x96.jpg 96w, https:\/\/smartcoworking.ad\/wp-content\/uploads\/2024\/12\/test-home-4-300x300.jpg 300w, https:\/\/smartcoworking.ad\/wp-content\/uploads\/2024\/12\/test-home-4-364x364.jpg 364w, https:\/\/smartcoworking.ad\/wp-content\/uploads\/2024\/12\/test-home-4-50x50.jpg 50w, https:\/\/smartcoworking.ad\/wp-content\/uploads\/2024\/12\/test-home-4-110x110.jpg 110w, https:\/\/smartcoworking.ad\/wp-content\/uploads\/2024\/12\/test-home-4-275x275.jpg 275w\" sizes=\"auto, (max-width: 480px) 100vw, 480px\" \/>\t\t\t\t<\/span>\r\n\t\t\t<\/a>\r\n\t\t<\/div>\r\n\t\t\t\t<div class=\"swiper-slide\">\r\n\t\t\t<a href=\"\/\/smartcoworking.ad\/wp-content\/uploads\/2024\/10\/10.jpg\" class=\"swipebox photo \">\r\n\r\n\t\t\t\t<span>\r\n\t\t\t\t<img loading=\"lazy\" decoding=\"async\" width=\"480\" height=\"480\" src=\"https:\/\/smartcoworking.ad\/wp-content\/uploads\/2024\/10\/10-480x480.jpg\" class=\"attachment-hub2b-gallery-grid-big size-hub2b-gallery-grid-big\" alt=\"\" srcset=\"https:\/\/smartcoworking.ad\/wp-content\/uploads\/2024\/10\/10-480x480.jpg 480w, https:\/\/smartcoworking.ad\/wp-content\/uploads\/2024\/10\/10-150x150.jpg 150w, https:\/\/smartcoworking.ad\/wp-content\/uploads\/2024\/10\/10-24x24.jpg 24w, https:\/\/smartcoworking.ad\/wp-content\/uploads\/2024\/10\/10-48x48.jpg 48w, https:\/\/smartcoworking.ad\/wp-content\/uploads\/2024\/10\/10-96x96.jpg 96w, https:\/\/smartcoworking.ad\/wp-content\/uploads\/2024\/10\/10-300x300.jpg 300w, https:\/\/smartcoworking.ad\/wp-content\/uploads\/2024\/10\/10-364x364.jpg 364w, https:\/\/smartcoworking.ad\/wp-content\/uploads\/2024\/10\/10-50x50.jpg 50w, https:\/\/smartcoworking.ad\/wp-content\/uploads\/2024\/10\/10-110x110.jpg 110w, https:\/\/smartcoworking.ad\/wp-content\/uploads\/2024\/10\/10-275x275.jpg 275w\" sizes=\"auto, (max-width: 480px) 100vw, 480px\" \/>\t\t\t\t<\/span>\r\n\t\t\t<\/a>\r\n\t\t<\/div>\r\n\t\t\t\t<div class=\"swiper-slide\">\r\n\t\t\t<a href=\"\/\/smartcoworking.ad\/wp-content\/uploads\/2024\/10\/4-1.jpg\" class=\"swipebox photo \">\r\n\r\n\t\t\t\t<span>\r\n\t\t\t\t<img loading=\"lazy\" decoding=\"async\" width=\"480\" height=\"480\" src=\"https:\/\/smartcoworking.ad\/wp-content\/uploads\/2024\/10\/4-1-480x480.jpg\" class=\"attachment-hub2b-gallery-grid-big size-hub2b-gallery-grid-big\" alt=\"\" srcset=\"https:\/\/smartcoworking.ad\/wp-content\/uploads\/2024\/10\/4-1-480x480.jpg 480w, https:\/\/smartcoworking.ad\/wp-content\/uploads\/2024\/10\/4-1-150x150.jpg 150w, https:\/\/smartcoworking.ad\/wp-content\/uploads\/2024\/10\/4-1-24x24.jpg 24w, https:\/\/smartcoworking.ad\/wp-content\/uploads\/2024\/10\/4-1-48x48.jpg 48w, https:\/\/smartcoworking.ad\/wp-content\/uploads\/2024\/10\/4-1-96x96.jpg 96w, https:\/\/smartcoworking.ad\/wp-content\/uploads\/2024\/10\/4-1-300x300.jpg 300w, https:\/\/smartcoworking.ad\/wp-content\/uploads\/2024\/10\/4-1-364x364.jpg 364w, https:\/\/smartcoworking.ad\/wp-content\/uploads\/2024\/10\/4-1-50x50.jpg 50w, https:\/\/smartcoworking.ad\/wp-content\/uploads\/2024\/10\/4-1-110x110.jpg 110w, https:\/\/smartcoworking.ad\/wp-content\/uploads\/2024\/10\/4-1-275x275.jpg 275w\" sizes=\"auto, (max-width: 480px) 100vw, 480px\" \/>\t\t\t\t<\/span>\r\n\t\t\t<\/a>\r\n\t\t<\/div>\r\n\t\t\t\t<div class=\"swiper-slide\">\r\n\t\t\t<a href=\"\/\/smartcoworking.ad\/wp-content\/uploads\/2024\/10\/3-1.jpg\" class=\"swipebox photo \">\r\n\r\n\t\t\t\t<span>\r\n\t\t\t\t<img loading=\"lazy\" decoding=\"async\" width=\"480\" height=\"480\" src=\"https:\/\/smartcoworking.ad\/wp-content\/uploads\/2024\/10\/3-1-480x480.jpg\" class=\"attachment-hub2b-gallery-grid-big size-hub2b-gallery-grid-big\" alt=\"\" srcset=\"https:\/\/smartcoworking.ad\/wp-content\/uploads\/2024\/10\/3-1-480x480.jpg 480w, https:\/\/smartcoworking.ad\/wp-content\/uploads\/2024\/10\/3-1-150x150.jpg 150w, https:\/\/smartcoworking.ad\/wp-content\/uploads\/2024\/10\/3-1-24x24.jpg 24w, https:\/\/smartcoworking.ad\/wp-content\/uploads\/2024\/10\/3-1-48x48.jpg 48w, https:\/\/smartcoworking.ad\/wp-content\/uploads\/2024\/10\/3-1-96x96.jpg 96w, https:\/\/smartcoworking.ad\/wp-content\/uploads\/2024\/10\/3-1-300x300.jpg 300w, https:\/\/smartcoworking.ad\/wp-content\/uploads\/2024\/10\/3-1-364x364.jpg 364w, https:\/\/smartcoworking.ad\/wp-content\/uploads\/2024\/10\/3-1-50x50.jpg 50w, https:\/\/smartcoworking.ad\/wp-content\/uploads\/2024\/10\/3-1-110x110.jpg 110w, https:\/\/smartcoworking.ad\/wp-content\/uploads\/2024\/10\/3-1-275x275.jpg 275w\" sizes=\"auto, (max-width: 480px) 100vw, 480px\" \/>\t\t\t\t<\/span>\r\n\t\t\t<\/a>\r\n\t\t<\/div>\r\n\t\t\t\t<div class=\"swiper-slide\">\r\n\t\t\t<a href=\"\/\/smartcoworking.ad\/wp-content\/uploads\/2024\/10\/sala-reuniones-trabajo.jpg\" class=\"swipebox photo \">\r\n\r\n\t\t\t\t<span>\r\n\t\t\t\t<img loading=\"lazy\" decoding=\"async\" width=\"480\" height=\"480\" src=\"https:\/\/smartcoworking.ad\/wp-content\/uploads\/2024\/10\/sala-reuniones-trabajo-480x480.jpg\" class=\"attachment-hub2b-gallery-grid-big size-hub2b-gallery-grid-big\" alt=\"\" srcset=\"https:\/\/smartcoworking.ad\/wp-content\/uploads\/2024\/10\/sala-reuniones-trabajo-480x480.jpg 480w, https:\/\/smartcoworking.ad\/wp-content\/uploads\/2024\/10\/sala-reuniones-trabajo-150x150.jpg 150w, https:\/\/smartcoworking.ad\/wp-content\/uploads\/2024\/10\/sala-reuniones-trabajo-24x24.jpg 24w, https:\/\/smartcoworking.ad\/wp-content\/uploads\/2024\/10\/sala-reuniones-trabajo-48x48.jpg 48w, https:\/\/smartcoworking.ad\/wp-content\/uploads\/2024\/10\/sala-reuniones-trabajo-96x96.jpg 96w, https:\/\/smartcoworking.ad\/wp-content\/uploads\/2024\/10\/sala-reuniones-trabajo-300x300.jpg 300w, https:\/\/smartcoworking.ad\/wp-content\/uploads\/2024\/10\/sala-reuniones-trabajo-364x364.jpg 364w, https:\/\/smartcoworking.ad\/wp-content\/uploads\/2024\/10\/sala-reuniones-trabajo-50x50.jpg 50w, https:\/\/smartcoworking.ad\/wp-content\/uploads\/2024\/10\/sala-reuniones-trabajo-110x110.jpg 110w, https:\/\/smartcoworking.ad\/wp-content\/uploads\/2024\/10\/sala-reuniones-trabajo-275x275.jpg 275w\" sizes=\"auto, (max-width: 480px) 100vw, 480px\" \/>\t\t\t\t<\/span>\r\n\t\t\t<\/a>\r\n\t\t<\/div>\r\n\t\t\t\t<div class=\"swiper-slide\">\r\n\t\t\t<a href=\"\/\/smartcoworking.ad\/wp-content\/uploads\/2024\/10\/sala-reuniones-mediana.jpg\" class=\"swipebox photo \">\r\n\r\n\t\t\t\t<span>\r\n\t\t\t\t<img loading=\"lazy\" decoding=\"async\" width=\"480\" height=\"480\" src=\"https:\/\/smartcoworking.ad\/wp-content\/uploads\/2024\/10\/sala-reuniones-mediana-480x480.jpg\" class=\"attachment-hub2b-gallery-grid-big size-hub2b-gallery-grid-big\" alt=\"\" srcset=\"https:\/\/smartcoworking.ad\/wp-content\/uploads\/2024\/10\/sala-reuniones-mediana-480x480.jpg 480w, https:\/\/smartcoworking.ad\/wp-content\/uploads\/2024\/10\/sala-reuniones-mediana-150x150.jpg 150w, https:\/\/smartcoworking.ad\/wp-content\/uploads\/2024\/10\/sala-reuniones-mediana-24x24.jpg 24w, https:\/\/smartcoworking.ad\/wp-content\/uploads\/2024\/10\/sala-reuniones-mediana-48x48.jpg 48w, https:\/\/smartcoworking.ad\/wp-content\/uploads\/2024\/10\/sala-reuniones-mediana-96x96.jpg 96w, https:\/\/smartcoworking.ad\/wp-content\/uploads\/2024\/10\/sala-reuniones-mediana-300x300.jpg 300w, https:\/\/smartcoworking.ad\/wp-content\/uploads\/2024\/10\/sala-reuniones-mediana-364x364.jpg 364w, https:\/\/smartcoworking.ad\/wp-content\/uploads\/2024\/10\/sala-reuniones-mediana-50x50.jpg 50w, https:\/\/smartcoworking.ad\/wp-content\/uploads\/2024\/10\/sala-reuniones-mediana-110x110.jpg 110w, https:\/\/smartcoworking.ad\/wp-content\/uploads\/2024\/10\/sala-reuniones-mediana-275x275.jpg 275w\" sizes=\"auto, (max-width: 480px) 100vw, 480px\" \/>\t\t\t\t<\/span>\r\n\t\t\t<\/a>\r\n\t\t<\/div>\r\n\t\t\t\t<div class=\"swiper-slide\">\r\n\t\t\t<a href=\"\/\/smartcoworking.ad\/wp-content\/uploads\/2024\/10\/coworking-relaxing-networking.jpg\" class=\"swipebox photo \">\r\n\r\n\t\t\t\t<span>\r\n\t\t\t\t<img loading=\"lazy\" decoding=\"async\" width=\"480\" height=\"480\" src=\"https:\/\/smartcoworking.ad\/wp-content\/uploads\/2024\/10\/coworking-relaxing-networking-480x480.jpg\" class=\"attachment-hub2b-gallery-grid-big size-hub2b-gallery-grid-big\" alt=\"\" srcset=\"https:\/\/smartcoworking.ad\/wp-content\/uploads\/2024\/10\/coworking-relaxing-networking-480x480.jpg 480w, https:\/\/smartcoworking.ad\/wp-content\/uploads\/2024\/10\/coworking-relaxing-networking-150x150.jpg 150w, https:\/\/smartcoworking.ad\/wp-content\/uploads\/2024\/10\/coworking-relaxing-networking-24x24.jpg 24w, https:\/\/smartcoworking.ad\/wp-content\/uploads\/2024\/10\/coworking-relaxing-networking-48x48.jpg 48w, https:\/\/smartcoworking.ad\/wp-content\/uploads\/2024\/10\/coworking-relaxing-networking-96x96.jpg 96w, https:\/\/smartcoworking.ad\/wp-content\/uploads\/2024\/10\/coworking-relaxing-networking-300x300.jpg 300w, https:\/\/smartcoworking.ad\/wp-content\/uploads\/2024\/10\/coworking-relaxing-networking-364x364.jpg 364w, https:\/\/smartcoworking.ad\/wp-content\/uploads\/2024\/10\/coworking-relaxing-networking-50x50.jpg 50w, https:\/\/smartcoworking.ad\/wp-content\/uploads\/2024\/10\/coworking-relaxing-networking-110x110.jpg 110w, https:\/\/smartcoworking.ad\/wp-content\/uploads\/2024\/10\/coworking-relaxing-networking-275x275.jpg 275w\" sizes=\"auto, (max-width: 480px) 100vw, 480px\" \/>\t\t\t\t<\/span>\r\n\t\t\t<\/a>\r\n\t\t<\/div>\r\n\t\t\r\n\t<\/div>\r\n\t\t<\/div><div class=\"es-resp\">\t<div class=\"visible-xl\" style=\"height: 40px;\"><\/div>\t<div class=\"hidden-xl hidden-md hidden-sm hidden-ms hidden-xs\" style=\"height: 40px;\"><\/div>\t<div class=\"visible-md\" style=\"height: 64px;\"><\/div>\t<div class=\"visible-sm \" style=\"height: 64px;\"><\/div>\t<div class=\"visible-ms\" style=\"height: 64px;\"><\/div>\t<div class=\"visible-xs\" style=\"height: 64px;\"><\/div><\/div>[\/vc_column][\/vc_row][vc_section css=\u00bb.vc_custom_1729662003162{margin-top: 60px !important;margin-bottom: 60px !important;}\u00bb][vc_row content_placement=\u00bbmiddle\u00bb][vc_column width=\u00bb1\/2&#8243;]<div class=\"heading  default align-left transform-default icon-type-hidden   vc_custom_1774527132097 heading-tag-h3\" id=\"like_sc_header_1215886274\"><h3 class=\"header ltx-sr-id-like_sc_header_1215886274587191639 ltx-sr ltx-sr-effect-fade_in ltx-sr-el-block ltx-sr-delay-0 ltx-sr-duration-1000 ltx-sr-sequences-0\">SMART COWORKING - <span>VISITA VIRTUAL<\/span><\/h3><\/div>[vc_btn title=\u00bbVista previa de nuestro espacio de coworking\u00bb style=\u00bbcustom\u00bb custom_background=\u00bb#800d20&#8243; custom_text=\u00bb#ffffff\u00bb shape=\u00bbsquare\u00bb i_icon_fontawesome=\u00bbfas fa-hand-point-right\u00bb add_icon=\u00bbtrue\u00bb link=\u00bburl:https%3A%2F%2Fmy.matterport.com%2Fshow%2F%3Fm%3D5PGtu57B1v4|target:_blank\u00bb][\/vc_column][vc_column width=\u00bb1\/2&#8243;][vc_single_image image=\u00bb15339&#8243; img_size=\u00bbfull\u00bb onclick=\u00bbcustom_link\u00bb img_link_target=\u00bb_blank\u00bb link=\u00bbhttps:\/\/my.matterport.com\/show\/?m=5PGtu57B1v4&#8243;][\/vc_column][\/vc_row][\/vc_section][vc_section full_width=\u00bbstretch_row\u00bb content_placement=\u00bbmiddle\u00bb disable_element=\u00bbyes\u00bb css=\u00bb.vc_custom_1742575552026{background-color: #ededed !important;}\u00bb][vc_row][vc_column]<div class=\"heading  header-underline align-center color-main transform-default icon-type-hidden   vc_custom_1736967374024 heading-tag-h3\" id=\"like_sc_header_1609141375\"><h3 class=\"header ltx-sr-id-like_sc_header_16091413751849923229 ltx-sr ltx-sr-effect-fade_in ltx-sr-el-block ltx-sr-delay-0 ltx-sr-duration-1000 ltx-sr-sequences-0\">Our Coworking Space, <span>by the Numbers<\/span><\/h3><\/div>[\/vc_column][\/vc_row][vc_row gap=\u00bb15&#8243; bg_color_select=\u00bbtheme_color\u00bb bg_pos=\u00bbcenter-center\u00bb scrollreveal_elements=\u00bblist_el\u00bb css=\u00bb.vc_custom_1737544505412{padding-bottom: 50px !important;background-color: #eeeeee !important;background-position: center !important;background-repeat: no-repeat !important;background-size: cover !important;}\u00bb][vc_column width=\u00bb1\/4&#8243; css=\u00bb.vc_custom_1729072987227{background-color: #ffffff !important;}\u00bb][vc_single_image image=\u00bb12880&#8243; img_size=\u00bb72&#215;72&#8243; alignment=\u00bbcenter\u00bb][vc_custom_heading text=\u00bb101&#8243; font_container=\u00bbtag:h4|text_align:center|color:%23800d20&#8243; use_theme_fonts=\u00bbyes\u00bb css=\u00bb.vc_custom_1731412306162{margin-top: 10px !important;margin-bottom: 0px !important;}\u00bb][vc_custom_heading text=\u00bbMesas fijas\u00bb font_container=\u00bbtag:p|text_align:center|color:%23000000&#8243; use_theme_fonts=\u00bbyes\u00bb css=\u00bb.vc_custom_1729072019088{margin-top: 10px !important;}\u00bb][\/vc_column][vc_column width=\u00bb1\/4&#8243; border_shadow=\u00bbshadow\u00bb css=\u00bb.vc_custom_1729073094344{background-color: #ffffff !important;}\u00bb][vc_single_image image=\u00bb12890&#8243; img_size=\u00bb72&#215;72&#8243; alignment=\u00bbcenter\u00bb][vc_custom_heading text=\u00bb41&#8243; font_container=\u00bbtag:h4|text_align:center|color:%23800d20&#8243; use_theme_fonts=\u00bbyes\u00bb css=\u00bb.vc_custom_1731412318019{margin-top: 10px !important;margin-bottom: 0px !important;}\u00bb][vc_custom_heading text=\u00bbOficinas\u00bb font_container=\u00bbtag:p|text_align:center|color:%23000000&#8243; use_theme_fonts=\u00bbyes\u00bb css=\u00bb.vc_custom_1729064400900{margin-top: 10px !important;}\u00bb][\/vc_column][vc_column width=\u00bb1\/4&#8243; css=\u00bb.vc_custom_1729072928041{background-color: #ffffff !important;}\u00bb][vc_single_image image=\u00bb13627&#8243; img_size=\u00bb72&#215;72&#8243; alignment=\u00bbcenter\u00bb][vc_custom_heading text=\u00bb1600&#8243; font_container=\u00bbtag:h4|text_align:center|color:%23800d20&#8243; use_theme_fonts=\u00bbyes\u00bb css=\u00bb.vc_custom_1731412324754{margin-top: 10px !important;margin-bottom: 0px !important;}\u00bb][vc_custom_heading text=\u00bbSuperficie m2&#8243; font_container=\u00bbtag:p|text_align:center|color:%23000000&#8243; use_theme_fonts=\u00bbyes\u00bb css=\u00bb.vc_custom_1730980908028{margin-top: 10px !important;}\u00bb][\/vc_column][vc_column width=\u00bb1\/4&#8243; css=\u00bb.vc_custom_1729072981499{background-color: #ffffff !important;}\u00bb][vc_single_image image=\u00bb12885&#8243; img_size=\u00bb72&#215;72&#8243; alignment=\u00bbcenter\u00bb][vc_custom_heading text=\u00bb4&#8243; font_container=\u00bbtag:h4|text_align:center|color:%23800d20&#8243; use_theme_fonts=\u00bbyes\u00bb css=\u00bb.vc_custom_1731412330778{margin-top: 10px !important;margin-bottom: 0px !important;}\u00bb][vc_custom_heading text=\u00bbSalas de conferencias\u00bb font_container=\u00bbtag:p|text_align:center|color:%23000000&#8243; use_theme_fonts=\u00bbyes\u00bb css=\u00bb.vc_custom_1729071999192{margin-top: 10px !important;}\u00bb][\/vc_column][\/vc_row][\/vc_section][vc_section full_width=\u00bbstretch_row\u00bb bg_color_select=\u00bbgray\u00bb text_align=\u00bbcenter-md-sm-ms\u00bb el_class=\u00bbandorra-smart-box\u00bb][vc_row][vc_column]<div class=\"es-resp\">\t<div class=\"visible-xl\" style=\"height: 98px;\"><\/div>\t<div class=\"hidden-xl hidden-md hidden-sm hidden-ms hidden-xs\" style=\"height: 70px;\"><\/div>\t<div class=\"visible-md\" style=\"height: 70px;\"><\/div>\t<div class=\"visible-sm \" style=\"height: 70px;\"><\/div>\t<div class=\"visible-ms\" style=\"height: 64px;\"><\/div>\t<div class=\"visible-xs\" style=\"height: 64px;\"><\/div><\/div>[\/vc_column][\/vc_row][vc_row][vc_column offset=\u00bbvc_col-lg-3 vc_col-md-12&#8243; el_class=\u00bbltx-icons-text-block\u00bb]<div class=\"es-resp\">\t<div class=\"visible-xl\" style=\"height: 16px;\"><\/div>\t<div class=\"hidden-xl hidden-md hidden-sm hidden-ms hidden-xs\" style=\"height: 16px;\"><\/div>\t<div class=\"visible-md\" style=\"height: 16px;\"><\/div>\t<div class=\"visible-sm \" style=\"height: 16px;\"><\/div>\t<div class=\"visible-ms\" style=\"height: 32px;\"><\/div>\t<div class=\"visible-xs\" style=\"height: 32px;\"><\/div><\/div>[vc_custom_heading text=\u00bbAcerca de SMART Coworking\u00bb font_container=\u00bbtag:p|font_size:23px|text_align:left\u00bb use_theme_fonts=\u00bbyes\u00bb css=\u00bb.vc_custom_1733243759889{margin-top: 0px !important;margin-bottom: 0px !important;}\u00bb][vc_custom_heading text=\u00bbCaracter\u00edsticas de<br \/>\nnuestro centro\u00bb font_container=\u00bbtag:h6|font_size:30px|text_align:left|line_height:35px\u00bb use_theme_fonts=\u00bbyes\u00bb css=\u00bb.vc_custom_1729659741170{margin-top: 10px !important;}\u00bb][vc_column_text css=\u00bb.vc_custom_1730808695420{margin-top: 0px !important;}\u00bb]<\/p>\n<p style=\"text-align: left;\">Nuestro centro est\u00e1 totalmente equipado para satisfacer las necesidades de tu empresa y de tus posibles clientes y visitantes. Varias opciones, desde soluciones de coworking abierto con escritorios dedicados y en caliente hasta despachos privados.<\/p>\n<p>[\/vc_column_text]<div class=\"es-resp\">\t<div class=\"visible-xl\" style=\"height: 24px;\"><\/div>\t<div class=\"hidden-xl hidden-md hidden-sm hidden-ms hidden-xs\" style=\"height: 24px;\"><\/div>\t<div class=\"visible-md\" style=\"height: 24px;\"><\/div>\t<div class=\"visible-sm \" style=\"height: 24px;\"><\/div>\t<div class=\"visible-ms\" style=\"height: 32px;\"><\/div>\t<div class=\"visible-xs\" style=\"height: 32px;\"><\/div><\/div><div class=\"es-resp\">\t<div class=\"visible-xl\" style=\"height: 0px;\"><\/div>\t<div class=\"hidden-xl hidden-md hidden-sm hidden-ms hidden-xs\" style=\"height: 48px;\"><\/div>\t<div class=\"visible-md\" style=\"height: 48px;\"><\/div>\t<div class=\"visible-sm \" style=\"height: 48px;\"><\/div>\t<div class=\"visible-ms\" style=\"height: 48px;\"><\/div>\t<div class=\"visible-xs\" style=\"height: 48px;\"><\/div><\/div>[\/vc_column][vc_column offset=\u00bbvc_col-lg-9&#8243; css=\u00bb.vc_custom_1729754250765{padding-top: 20px !important;padding-bottom: 20px !important;}\u00bb]<ul class=\"ltx-block-icon  has-descr  icons-count-3 align-center ltx-icon-color-main ltx-icon-size-default ltx-header-color-default ltx-icon-type-circle ltx-bg-color-white layout-cols3 ltx-icon-top  row centered\"  id=\"like_sc_block_icon_66056158\"><li class=\" col-lg-4 col-md-4 col-sm-4 col-ms-4 col-xs-12\" ><div  data-mh=\"ltx-block-icon-in-1406\" class=\"in matchHeight\"><span class=\"ltx-icon fas fa-users bg-white\" data-mh=\"ltx-icon-span-like_sc_block_icon_66056158\"><\/span> <h6 class=\"header\"> Equipo multiling\u00fce <\/h6> <div class=\"descr\">Nuestro personal domina varios idiomas para ofrecerte asistencia en la lengua que prefieras.<\/div><\/div><\/li><li class=\" col-lg-4 col-md-4 col-sm-4 col-ms-4 col-xs-12\" ><div  data-mh=\"ltx-block-icon-in-1406\" class=\"in matchHeight\"><span class=\"ltx-icon fas fa-university bg-white\" data-mh=\"ltx-icon-span-like_sc_block_icon_66056158\"><\/span> <h6 class=\"header\"> Gobierno a poca distancia <\/h6> <div class=\"descr\">Todas las instituciones gubernamentales y municipales est\u00e1n a poca distancia de nuestro centro.<\/div><\/div><\/li><li class=\" col-lg-4 col-md-4 col-sm-4 col-ms-4 col-xs-12 \" ><div  data-mh=\"ltx-block-icon-in-1406\" class=\"in matchHeight\"><span class=\"ltx-icon fas fa-shield-alt bg-white\" data-mh=\"ltx-icon-span-like_sc_block_icon_66056158\"><\/span> <h6 class=\"header\"> Seguridad 24\/7 <\/h6> <div class=\"descr\">El control de acceso y los sistemas de alarma con videovigilancia te garantizan seguridad y acceso los fines de semana.<\/div><\/div><\/li><\/ul>[\/vc_column][\/vc_row][vc_row][vc_column]<ul class=\"ltx-block-icon  has-descr  icons-count-3 align-center ltx-icon-color-main ltx-icon-size-default ltx-header-color-default ltx-icon-type-circle ltx-bg-color-white layout-cols3 ltx-icon-top  row centered\"  id=\"like_sc_block_icon_1278756543\"><li class=\" col-lg-4 col-md-4 col-sm-4 col-ms-4 col-xs-12\" ><div  data-mh=\"ltx-block-icon-in-1544\" class=\"in matchHeight\"><span class=\"ltx-icon icon-parking bg-white\" data-mh=\"ltx-icon-span-like_sc_block_icon_1278756543\"><\/span> <h6 class=\"header\"> Plazas de aparcamiento cercanas <\/h6> <div class=\"descr\">Varios miles de plazas de aparcamiento est\u00e1n disponibles a 300 m a pie en la Pla\u00e7a del Poble.<\/div><\/div><\/li><li class=\" col-lg-4 col-md-4 col-sm-4 col-ms-4 col-xs-12\" ><div  data-mh=\"ltx-block-icon-in-1544\" class=\"in matchHeight\"><span class=\"ltx-icon fas fa-coffee bg-white\" data-mh=\"ltx-icon-span-like_sc_block_icon_1278756543\"><\/span> <h6 class=\"header\"> Zona de descanso <\/h6> <div class=\"descr\">Disfruta de acceso a una cocina equipada y a una cafetera con caf\u00e9 y t\u00e9 ilimitados para ti y tus invitados.\n<\/div><\/div><\/li><li class=\" col-lg-4 col-md-4 col-sm-4 col-ms-4 col-xs-12 \" ><div  data-mh=\"ltx-block-icon-in-1544\" class=\"in matchHeight\"><span class=\"ltx-icon fas fa-laptop bg-white\" data-mh=\"ltx-icon-span-like_sc_block_icon_1278756543\"><\/span> <h6 class=\"header\"> Espacios de trabajo tranquilos <\/h6> <div class=\"descr\">Nuestras oficinas est\u00e1n insonorizadas en las paredes y el techo para que tengas suficiente intimidad y puedas disfrutar de un entorno de trabajo tranquilo.<\/div><\/div><\/li><\/ul>[\/vc_column][\/vc_row][vc_row disable_element=\u00bbyes\u00bb][vc_column]<ul class=\"ltx-block-icon  has-descr  icons-count-3 align-center ltx-icon-color-main ltx-icon-size-default ltx-header-color-default ltx-icon-type-circle ltx-bg-color-white layout-cols3 ltx-icon-top  row centered\"  id=\"like_sc_block_icon_1242586668\"><li class=\" col-lg-4 col-md-4 col-sm-4 col-ms-4 col-xs-12 ltx-icon-image\" ><a href=\"https:\/\/smartcoworking.ad\/hot-desk\/\"  data-mh=\"ltx-block-icon-in-1750\" class=\"in matchHeight\"><span class=\"ltx-icon ltx-icon-image bg-white\" data-mh=\"ltx-icon-span-like_sc_block_icon_1242586668\"><img decoding=\"async\" src=\"https:\/\/smartcoworking.ad\/wp-content\/uploads\/2018\/02\/01_openspace.jpg\" class=\"ltx-icon-image\" alt=\"Hot Desk\"><\/span> <h6 class=\"header\"> Hot Desk <\/h6> <div class=\"descr\">Reserve a workplace in our stunning coworking area.<\/div><\/a><\/li><li class=\" col-lg-4 col-md-4 col-sm-4 col-ms-4 col-xs-12\" ><div  data-mh=\"ltx-block-icon-in-1750\" class=\"in matchHeight\"><span class=\"ltx-icon fas fa-coffee bg-white\" data-mh=\"ltx-icon-span-like_sc_block_icon_1242586668\"><\/span> <h6 class=\"header\"> Cafeteria <\/h6> <div class=\"descr\">We provide a small cafeteria with vending machines and coffee machine for you and your visitors.\n<\/div><\/div><\/li><li class=\" col-lg-4 col-md-4 col-sm-4 col-ms-4 col-xs-12 \" ><div  data-mh=\"ltx-block-icon-in-1750\" class=\"in matchHeight\"><span class=\"ltx-icon fas fa-laptop bg-white\" data-mh=\"ltx-icon-span-like_sc_block_icon_1242586668\"><\/span> <h6 class=\"header\"> Quiet working spaces <\/h6> <div class=\"descr\">Our offices are sound insulated in the walls and ceiling so that you have sufficient privacy and may enjoy a quiet working environment.\n<\/div><\/div><\/li><\/ul>[\/vc_column][\/vc_row][vc_row][vc_column]<div class=\"es-resp\">\t<div class=\"visible-xl\" style=\"height: 50px;\"><\/div>\t<div class=\"hidden-xl hidden-md hidden-sm hidden-ms hidden-xs\" style=\"height: 50px;\"><\/div>\t<div class=\"visible-md\" style=\"height: 64px;\"><\/div>\t<div class=\"visible-sm \" style=\"height: 64px;\"><\/div>\t<div class=\"visible-ms\" style=\"height: 64px;\"><\/div>\t<div class=\"visible-xs\" style=\"height: 64px;\"><\/div><\/div>[\/vc_column][\/vc_row][\/vc_section][vc_section full_width=\u00bbstretch_row\u00bb disable_element=\u00bbyes\u00bb bg_color_select=\u00bbtheme_color\u00bb css=\u00bb.vc_custom_1737392351785{background-color: #800d20 !important;}\u00bb][vc_row css=\u00bb.vc_custom_1729772040196{margin-top: 0px !important;}\u00bb][vc_column]<div class=\"es-resp\">\t<div class=\"visible-xl\" style=\"height: 32px;\"><\/div>\t<div class=\"hidden-xl hidden-md hidden-sm hidden-ms hidden-xs\" style=\"height: 32px;\"><\/div>\t<div class=\"visible-md\" style=\"height: 32px;\"><\/div>\t<div class=\"visible-sm \" style=\"height: 32px;\"><\/div>\t<div class=\"visible-ms\" style=\"height: 32px;\"><\/div>\t<div class=\"visible-xs\" style=\"height: 32px;\"><\/div><\/div><div class=\"heading  header-underline align-center color-white transform-default icon-type-hidden   vc_custom_1729772046198 heading-tag-h3\" id=\"like_sc_header_79692801\"><h3 class=\"header ltx-sr-id-like_sc_header_79692801893161533 ltx-sr ltx-sr-effect-fade_in ltx-sr-el-block ltx-sr-delay-0 ltx-sr-duration-1000 ltx-sr-sequences-0\">Office types <span> available <\/span><\/h3><\/div><div class=\"es-resp\">\t<div class=\"visible-xl\" style=\"height: 16px;\"><\/div>\t<div class=\"hidden-xl hidden-md hidden-sm hidden-ms hidden-xs\" style=\"height: 16px;\"><\/div>\t<div class=\"visible-md\" style=\"height: 16px;\"><\/div>\t<div class=\"visible-sm \" style=\"height: 16px;\"><\/div>\t<div class=\"visible-ms\" style=\"height: 16px;\"><\/div>\t<div class=\"visible-xs\" style=\"height: 16px;\"><\/div><\/div><div class=\"portfolio-sc ltx-slider\"><div class=\"swiper-container portfolio-list ltx-portfolio-slider  andorra-portfolio-wrp layout-slider  row\" data-cols=\"1\" data-autoplay=\"0\"  id=\"like_sc_portfolio_1769624883\">\r\n\t\t\t\t<div class=\"swiper-wrapper\">\r\n\t\t\t<div class=\"swiper-slide\">\r\n\t\t\t\t<div class=\"row\">\r\n\t\t\t\t\t<div class=\"col-lg-4\">\r\n\t\t\t\t\t\t<div class=\"ltx-wrapper\"><div class=\"heading header-underline\"><h3 class=\"header\">Large type 1<\/h3><\/div><div class=\"text\">[vc_row][vc_column][vc_custom_heading text=\"Large office with 2 desks face-to-face\" font_container=\"tag:h6|text_align:left\" use_theme_fonts=\"yes\"][vc_column_text]This office is meant for one to two persons working in a large office with exterior views to the Av. Princep Benlloch and plenty of sunshine. These units are also equipped with an air condition. Units are available furnished or without furniture. Vinyl decoration on the wall is optional and at extra charge.\r\n[\/vc_column_text]<div class=\"align-default icon-style-\"><ul class=\"social-icons-list bg-main  icon-style-\" id=\"like_sc_header_244666791\"><li class=\" \"><span class=\"icon-area\"><\/span><span class=\"head\">Working spaces : <strong> 2 <\/strong><\/span><\/li><li class=\" \"><span class=\"icon-chair\"><\/span><span class=\"head\">Total Area in sqm : <strong> 20-23 <\/strong><\/span><\/li><li class=\" \"><span class=\"icon-payment\"><\/span><span class=\"head\">Windows : <strong> yes <\/strong><\/span><\/li><li class=\" \"><span class=\"icon-cabinet\"><\/span><span class=\"head\">FEDA individual installation : <strong> yes <\/strong><\/span><\/li><\/ul><\/div>[\/vc_column][\/vc_row]<\/div>\r\n\t\t\t\t\t\t<\/div>\r\n\t\t\t\t\t<\/div>\t\t\t\r\n\t\t\t\t\t<div class=\"col-lg-8 ltx-image-wrapper\">\r\n\t\t\t\t\t\t<div class=\"ltx-image\"><img loading=\"lazy\" decoding=\"async\" width=\"1100\" height=\"1100\" src=\"https:\/\/smartcoworking.ad\/wp-content\/uploads\/2019\/06\/Business_Center_FloorPlan_3D_1.jpg\" class=\"attachment-full size-full wp-post-image\" alt=\"\" srcset=\"https:\/\/smartcoworking.ad\/wp-content\/uploads\/2019\/06\/Business_Center_FloorPlan_3D_1.jpg 1100w, https:\/\/smartcoworking.ad\/wp-content\/uploads\/2019\/06\/Business_Center_FloorPlan_3D_1-300x300.jpg 300w, https:\/\/smartcoworking.ad\/wp-content\/uploads\/2019\/06\/Business_Center_FloorPlan_3D_1-1024x1024.jpg 1024w, https:\/\/smartcoworking.ad\/wp-content\/uploads\/2019\/06\/Business_Center_FloorPlan_3D_1-150x150.jpg 150w, https:\/\/smartcoworking.ad\/wp-content\/uploads\/2019\/06\/Business_Center_FloorPlan_3D_1-768x768.jpg 768w, https:\/\/smartcoworking.ad\/wp-content\/uploads\/2019\/06\/Business_Center_FloorPlan_3D_1-24x24.jpg 24w, https:\/\/smartcoworking.ad\/wp-content\/uploads\/2019\/06\/Business_Center_FloorPlan_3D_1-48x48.jpg 48w, https:\/\/smartcoworking.ad\/wp-content\/uploads\/2019\/06\/Business_Center_FloorPlan_3D_1-96x96.jpg 96w, https:\/\/smartcoworking.ad\/wp-content\/uploads\/2019\/06\/Business_Center_FloorPlan_3D_1-364x364.jpg 364w, https:\/\/smartcoworking.ad\/wp-content\/uploads\/2019\/06\/Business_Center_FloorPlan_3D_1-50x50.jpg 50w, https:\/\/smartcoworking.ad\/wp-content\/uploads\/2019\/06\/Business_Center_FloorPlan_3D_1-110x110.jpg 110w, https:\/\/smartcoworking.ad\/wp-content\/uploads\/2019\/06\/Business_Center_FloorPlan_3D_1-275x275.jpg 275w, https:\/\/smartcoworking.ad\/wp-content\/uploads\/2019\/06\/Business_Center_FloorPlan_3D_1-480x480.jpg 480w, https:\/\/smartcoworking.ad\/wp-content\/uploads\/2019\/06\/Business_Center_FloorPlan_3D_1-550x550.jpg 550w\" sizes=\"auto, (max-width: 1100px) 100vw, 1100px\" \/><span class=\"header count\">01.<\/span>\r\n\t\t\t\t\t\t\t<div class=\"arrows\">\r\n\t\t\t\t\t\t\t\t<a href=\"#\" class=\"arrow-left fa fa-chevron-left\"><\/a><a href=\"#\" class=\"arrow-right fa fa-chevron-right\"><\/a>\r\n\t\t\t\t\t\t\t<\/div>\t\t\t\t\r\n\t\t\t\t\t\t<\/div>\r\n\t\t\t\t\t<\/div>\r\n\t\t\t\t<\/div>\r\n\t\t\t<\/div>\r\n\t\t\t<div class=\"swiper-slide\">\r\n\t\t\t\t<div class=\"row\">\r\n\t\t\t\t\t<div class=\"col-lg-4\">\r\n\t\t\t\t\t\t<div class=\"ltx-wrapper\"><div class=\"heading header-underline\"><h3 class=\"header\">Large type 2<\/h3><\/div><div class=\"text\">[vc_row][vc_column][vc_custom_heading text=\"Large office with 2 desks side by side\" font_container=\"tag:h6|text_align:left\" use_theme_fonts=\"yes\"][vc_column_text]This office is meant for one to two persons working in a large office with exterior views to the Av. Princep Benlloch and plenty of sunshine. These units are also equipped with an air condition. Units are available furnished or without furniture. Vinyl decoration on the wall is optional and at extra charge.\r\n[\/vc_column_text]<div class=\"align-default icon-style-\"><ul class=\"social-icons-list bg-main  icon-style-\" id=\"like_sc_header_1817044010\"><li class=\" \"><span class=\"icon-area\"><\/span><span class=\"head\">Working spaces : <strong> 2 <\/strong><\/span><\/li><li class=\" \"><span class=\"icon-chair\"><\/span><span class=\"head\">Total Area in sqm: <strong> 20-23 <\/strong><\/span><\/li><li class=\" \"><span class=\"icon-payment\"><\/span><span class=\"head\">Windows : <strong> yes <\/strong><\/span><\/li><li class=\" \"><span class=\"icon-cabinet\"><\/span><span class=\"head\">FEDA individual installation : <strong> yes <\/strong><\/span><\/li><\/ul><\/div>[\/vc_column][\/vc_row]<\/div>\r\n\t\t\t\t\t\t<\/div>\r\n\t\t\t\t\t<\/div>\t\t\t\r\n\t\t\t\t\t<div class=\"col-lg-8 ltx-image-wrapper\">\r\n\t\t\t\t\t\t<div class=\"ltx-image\"><img loading=\"lazy\" decoding=\"async\" width=\"1100\" height=\"1100\" src=\"https:\/\/smartcoworking.ad\/wp-content\/uploads\/2019\/06\/Business_Center_FloorPlan_3D_5.jpg\" class=\"attachment-full size-full wp-post-image\" alt=\"\" srcset=\"https:\/\/smartcoworking.ad\/wp-content\/uploads\/2019\/06\/Business_Center_FloorPlan_3D_5.jpg 1100w, https:\/\/smartcoworking.ad\/wp-content\/uploads\/2019\/06\/Business_Center_FloorPlan_3D_5-300x300.jpg 300w, https:\/\/smartcoworking.ad\/wp-content\/uploads\/2019\/06\/Business_Center_FloorPlan_3D_5-1024x1024.jpg 1024w, https:\/\/smartcoworking.ad\/wp-content\/uploads\/2019\/06\/Business_Center_FloorPlan_3D_5-150x150.jpg 150w, https:\/\/smartcoworking.ad\/wp-content\/uploads\/2019\/06\/Business_Center_FloorPlan_3D_5-768x768.jpg 768w, https:\/\/smartcoworking.ad\/wp-content\/uploads\/2019\/06\/Business_Center_FloorPlan_3D_5-24x24.jpg 24w, https:\/\/smartcoworking.ad\/wp-content\/uploads\/2019\/06\/Business_Center_FloorPlan_3D_5-48x48.jpg 48w, https:\/\/smartcoworking.ad\/wp-content\/uploads\/2019\/06\/Business_Center_FloorPlan_3D_5-96x96.jpg 96w, https:\/\/smartcoworking.ad\/wp-content\/uploads\/2019\/06\/Business_Center_FloorPlan_3D_5-364x364.jpg 364w, https:\/\/smartcoworking.ad\/wp-content\/uploads\/2019\/06\/Business_Center_FloorPlan_3D_5-50x50.jpg 50w, https:\/\/smartcoworking.ad\/wp-content\/uploads\/2019\/06\/Business_Center_FloorPlan_3D_5-110x110.jpg 110w, https:\/\/smartcoworking.ad\/wp-content\/uploads\/2019\/06\/Business_Center_FloorPlan_3D_5-275x275.jpg 275w, https:\/\/smartcoworking.ad\/wp-content\/uploads\/2019\/06\/Business_Center_FloorPlan_3D_5-480x480.jpg 480w, https:\/\/smartcoworking.ad\/wp-content\/uploads\/2019\/06\/Business_Center_FloorPlan_3D_5-550x550.jpg 550w\" sizes=\"auto, (max-width: 1100px) 100vw, 1100px\" \/><span class=\"header count\">02.<\/span>\r\n\t\t\t\t\t\t\t<div class=\"arrows\">\r\n\t\t\t\t\t\t\t\t<a href=\"#\" class=\"arrow-left fa fa-chevron-left\"><\/a><a href=\"#\" class=\"arrow-right fa fa-chevron-right\"><\/a>\r\n\t\t\t\t\t\t\t<\/div>\t\t\t\t\r\n\t\t\t\t\t\t<\/div>\r\n\t\t\t\t\t<\/div>\r\n\t\t\t\t<\/div>\r\n\t\t\t<\/div>\r\n\t\t\t<div class=\"swiper-slide\">\r\n\t\t\t\t<div class=\"row\">\r\n\t\t\t\t\t<div class=\"col-lg-4\">\r\n\t\t\t\t\t\t<div class=\"ltx-wrapper\"><div class=\"heading header-underline\"><h3 class=\"header\">Large type 3<\/h3><\/div><div class=\"text\">[vc_row][vc_column][vc_custom_heading text=\"Large office with 1 desk + small meeting table\" font_container=\"tag:h6|text_align:left\" use_theme_fonts=\"yes\"][vc_column_text]This office is meant for one person working in a large office with exterior views to the Av. Princep Benlloch and plenty of sunshine. A meeting table may be put into the same office.\r\n\r\nThese units are also equipped with an air condition. Units are available furnished or without furniture. Vinyl decoration on the wall is optional and at extra charge.[\/vc_column_text]<div class=\"align-default icon-style-\"><ul class=\"social-icons-list bg-main  icon-style-\" id=\"like_sc_header_1008617629\"><li class=\" \"><span class=\"icon-area\"><\/span><span class=\"head\">Working spaces : <strong> 2 <\/strong><\/span><\/li><li class=\" \"><span class=\"icon-chair\"><\/span><span class=\"head\">Total Area in sqm : <strong> 20-23 <\/strong><\/span><\/li><li class=\" \"><span class=\"icon-payment\"><\/span><span class=\"head\">Windows : <strong> yes <\/strong><\/span><\/li><\/ul><\/div>[\/vc_column][\/vc_row]<\/div>\r\n\t\t\t\t\t\t<\/div>\r\n\t\t\t\t\t<\/div>\t\t\t\r\n\t\t\t\t\t<div class=\"col-lg-8 ltx-image-wrapper\">\r\n\t\t\t\t\t\t<div class=\"ltx-image\"><img loading=\"lazy\" decoding=\"async\" width=\"1170\" height=\"998\" src=\"https:\/\/smartcoworking.ad\/wp-content\/uploads\/2019\/06\/floor_plan_large_office_one_space.png\" class=\"attachment-full size-full wp-post-image\" alt=\"\" srcset=\"https:\/\/smartcoworking.ad\/wp-content\/uploads\/2019\/06\/floor_plan_large_office_one_space.png 1170w, https:\/\/smartcoworking.ad\/wp-content\/uploads\/2019\/06\/floor_plan_large_office_one_space-300x256.png 300w, https:\/\/smartcoworking.ad\/wp-content\/uploads\/2019\/06\/floor_plan_large_office_one_space-1024x873.png 1024w, https:\/\/smartcoworking.ad\/wp-content\/uploads\/2019\/06\/floor_plan_large_office_one_space-768x655.png 768w, https:\/\/smartcoworking.ad\/wp-content\/uploads\/2019\/06\/floor_plan_large_office_one_space-550x469.png 550w\" sizes=\"auto, (max-width: 1170px) 100vw, 1170px\" \/><span class=\"header count\">03.<\/span>\r\n\t\t\t\t\t\t\t<div class=\"arrows\">\r\n\t\t\t\t\t\t\t\t<a href=\"#\" class=\"arrow-left fa fa-chevron-left\"><\/a><a href=\"#\" class=\"arrow-right fa fa-chevron-right\"><\/a>\r\n\t\t\t\t\t\t\t<\/div>\t\t\t\t\r\n\t\t\t\t\t\t<\/div>\r\n\t\t\t\t\t<\/div>\r\n\t\t\t\t<\/div>\r\n\t\t\t<\/div>\r\n\t\t\t<div class=\"swiper-slide\">\r\n\t\t\t\t<div class=\"row\">\r\n\t\t\t\t\t<div class=\"col-lg-4\">\r\n\t\t\t\t\t\t<div class=\"ltx-wrapper\"><div class=\"heading header-underline\"><h3 class=\"header\">Medium type<\/h3><\/div><div class=\"text\">[vc_row][vc_column][vc_custom_heading text=\"Medium Office - 1 working space \" font_container=\"tag:h6|text_align:left\" use_theme_fonts=\"yes\"][vc_column_text]This medium size office type has one working space and windows towards the back of the building.\r\n\r\nUnits are available furnished or without furniture. Vinyl decoration on the wall is optional and at extra charge.\r\n\r\n[\/vc_column_text]<div class=\"align-default icon-style-\"><ul class=\"social-icons-list bg-main  icon-style-\" id=\"like_sc_header_1009810573\"><li class=\" \"><span class=\"icon-area\"><\/span><span class=\"head\">Working spaces : <strong> 1 <\/strong><\/span><\/li><li class=\" \"><span class=\"icon-chair\"><\/span><span class=\"head\">Total area in sqm : <strong> 13 - 15 <\/strong><\/span><\/li><li class=\" \"><span class=\"icon-payment\"><\/span><span class=\"head\">Windows : <strong> yes <\/strong><\/span><\/li><li class=\" \"><span class=\"icon-cabinet\"><\/span><span class=\"head\">FEDA individual installation : <strong> yes <\/strong><\/span><\/li><\/ul><\/div>[\/vc_column][\/vc_row]<\/div>\r\n\t\t\t\t\t\t<\/div>\r\n\t\t\t\t\t<\/div>\t\t\t\r\n\t\t\t\t\t<div class=\"col-lg-8 ltx-image-wrapper\">\r\n\t\t\t\t\t\t<div class=\"ltx-image\"><img loading=\"lazy\" decoding=\"async\" width=\"860\" height=\"841\" src=\"https:\/\/smartcoworking.ad\/wp-content\/uploads\/2019\/06\/floor_plan_medium_office_one_space.png\" class=\"attachment-full size-full wp-post-image\" alt=\"\" srcset=\"https:\/\/smartcoworking.ad\/wp-content\/uploads\/2019\/06\/floor_plan_medium_office_one_space.png 860w, https:\/\/smartcoworking.ad\/wp-content\/uploads\/2019\/06\/floor_plan_medium_office_one_space-300x293.png 300w, https:\/\/smartcoworking.ad\/wp-content\/uploads\/2019\/06\/floor_plan_medium_office_one_space-768x751.png 768w, https:\/\/smartcoworking.ad\/wp-content\/uploads\/2019\/06\/floor_plan_medium_office_one_space-24x24.png 24w, https:\/\/smartcoworking.ad\/wp-content\/uploads\/2019\/06\/floor_plan_medium_office_one_space-48x48.png 48w, https:\/\/smartcoworking.ad\/wp-content\/uploads\/2019\/06\/floor_plan_medium_office_one_space-50x50.png 50w, https:\/\/smartcoworking.ad\/wp-content\/uploads\/2019\/06\/floor_plan_medium_office_one_space-550x538.png 550w\" sizes=\"auto, (max-width: 860px) 100vw, 860px\" \/><span class=\"header count\">04.<\/span>\r\n\t\t\t\t\t\t\t<div class=\"arrows\">\r\n\t\t\t\t\t\t\t\t<a href=\"#\" class=\"arrow-left fa fa-chevron-left\"><\/a><a href=\"#\" class=\"arrow-right fa fa-chevron-right\"><\/a>\r\n\t\t\t\t\t\t\t<\/div>\t\t\t\t\r\n\t\t\t\t\t\t<\/div>\r\n\t\t\t\t\t<\/div>\r\n\t\t\t\t<\/div>\r\n\t\t\t<\/div>\r\n\t\t\t<div class=\"swiper-slide\">\r\n\t\t\t\t<div class=\"row\">\r\n\t\t\t\t\t<div class=\"col-lg-4\">\r\n\t\t\t\t\t\t<div class=\"ltx-wrapper\"><div class=\"heading header-underline\"><h3 class=\"header\">Small type<\/h3><\/div><div class=\"text\">[vc_row][vc_column][vc_custom_heading text=\"Small office with 1 desk\" font_container=\"tag:h6|text_align:left\" use_theme_fonts=\"yes\"][vc_column_text]This office is meant for one person working in a small office as economy solution. Each unit has an interior window covered with privacy vinyl.\r\n\r\nUnits are available furnished or without furniture. Vinyl decoration on the wall is optional and at extra charge.\r\n\r\n[\/vc_column_text]<div class=\"align-default icon-style-\"><ul class=\"social-icons-list bg-main  icon-style-\" id=\"like_sc_header_1569479514\"><li class=\" \"><span class=\"icon-area\"><\/span><span class=\"head\">Working spaces : <strong> 1 <\/strong><\/span><\/li><li class=\" \"><span class=\"icon-chair\"><\/span><span class=\"head\">Total Area in sqm : <strong> 11-13 <\/strong><\/span><\/li><li class=\" \"><span class=\"icon-payment\"><\/span><span class=\"head\">Windows : <strong> interior only <\/strong><\/span><\/li><li class=\" \"><span class=\"icon-payment\"><\/span><span class=\"head\">FEDA individual installation : <strong> yes <\/strong><\/span><\/li><\/ul><\/div>[\/vc_column][\/vc_row]<\/div>\r\n\t\t\t\t\t\t<\/div>\r\n\t\t\t\t\t<\/div>\t\t\t\r\n\t\t\t\t\t<div class=\"col-lg-8 ltx-image-wrapper\">\r\n\t\t\t\t\t\t<div class=\"ltx-image\"><img loading=\"lazy\" decoding=\"async\" width=\"1100\" height=\"1100\" src=\"https:\/\/smartcoworking.ad\/wp-content\/uploads\/2019\/06\/floor_plan_economy_one_desk.jpg\" class=\"attachment-full size-full wp-post-image\" alt=\"\" srcset=\"https:\/\/smartcoworking.ad\/wp-content\/uploads\/2019\/06\/floor_plan_economy_one_desk.jpg 1100w, https:\/\/smartcoworking.ad\/wp-content\/uploads\/2019\/06\/floor_plan_economy_one_desk-300x300.jpg 300w, https:\/\/smartcoworking.ad\/wp-content\/uploads\/2019\/06\/floor_plan_economy_one_desk-1024x1024.jpg 1024w, https:\/\/smartcoworking.ad\/wp-content\/uploads\/2019\/06\/floor_plan_economy_one_desk-150x150.jpg 150w, https:\/\/smartcoworking.ad\/wp-content\/uploads\/2019\/06\/floor_plan_economy_one_desk-768x768.jpg 768w, https:\/\/smartcoworking.ad\/wp-content\/uploads\/2019\/06\/floor_plan_economy_one_desk-24x24.jpg 24w, https:\/\/smartcoworking.ad\/wp-content\/uploads\/2019\/06\/floor_plan_economy_one_desk-48x48.jpg 48w, https:\/\/smartcoworking.ad\/wp-content\/uploads\/2019\/06\/floor_plan_economy_one_desk-96x96.jpg 96w, https:\/\/smartcoworking.ad\/wp-content\/uploads\/2019\/06\/floor_plan_economy_one_desk-364x364.jpg 364w, https:\/\/smartcoworking.ad\/wp-content\/uploads\/2019\/06\/floor_plan_economy_one_desk-50x50.jpg 50w, https:\/\/smartcoworking.ad\/wp-content\/uploads\/2019\/06\/floor_plan_economy_one_desk-110x110.jpg 110w, https:\/\/smartcoworking.ad\/wp-content\/uploads\/2019\/06\/floor_plan_economy_one_desk-275x275.jpg 275w, https:\/\/smartcoworking.ad\/wp-content\/uploads\/2019\/06\/floor_plan_economy_one_desk-480x480.jpg 480w, https:\/\/smartcoworking.ad\/wp-content\/uploads\/2019\/06\/floor_plan_economy_one_desk-550x550.jpg 550w\" sizes=\"auto, (max-width: 1100px) 100vw, 1100px\" \/><span class=\"header count\">05.<\/span>\r\n\t\t\t\t\t\t\t<div class=\"arrows\">\r\n\t\t\t\t\t\t\t\t<a href=\"#\" class=\"arrow-left fa fa-chevron-left\"><\/a><a href=\"#\" class=\"arrow-right fa fa-chevron-right\"><\/a>\r\n\t\t\t\t\t\t\t<\/div>\t\t\t\t\r\n\t\t\t\t\t\t<\/div>\r\n\t\t\t\t\t<\/div>\r\n\t\t\t\t<\/div>\r\n\t\t\t<\/div>\r\n\t\t\t<div class=\"swiper-slide\">\r\n\t\t\t\t<div class=\"row\">\r\n\t\t\t\t\t<div class=\"col-lg-4\">\r\n\t\t\t\t\t\t<div class=\"ltx-wrapper\"><div class=\"heading header-underline\"><h3 class=\"header\">Entire floor 2<\/h3><\/div><div class=\"text\">[vc_row][vc_column][vc_custom_heading text=\"Entire center - floor 2\" font_container=\"tag:h6|text_align:left\" use_theme_fonts=\"yes\"][vc_column_text]The second floor of our center in Princep Benlloch has over 32 units and 2 conference rooms available for your meetings and business visits. Further our center is offering a cafeteria with vending and coffee machines.\r\n[\/vc_column_text]<div class=\"align-default icon-style-\"><ul class=\"social-icons-list bg-main  icon-style-\" id=\"like_sc_header_183325442\"><li class=\" \"><span class=\"icon-area\"><\/span><span class=\"head\">Number of offices : <strong> 32 <\/strong><\/span><\/li><li class=\" \"><span class=\"icon-chair\"><\/span><span class=\"head\">Total area in sqm : <strong> 800 <\/strong><\/span><\/li><li class=\" \"><span class=\"icon-payment\"><\/span><span class=\"head\">Bathrooms : <strong> 7 <\/strong><\/span><\/li><\/ul><\/div>[\/vc_column][\/vc_row]<\/div>\r\n\t\t\t\t\t\t<\/div>\r\n\t\t\t\t\t<\/div>\t\t\t\r\n\t\t\t\t\t<div class=\"col-lg-8 ltx-image-wrapper\">\r\n\t\t\t\t\t\t<div class=\"ltx-image\"><img loading=\"lazy\" decoding=\"async\" width=\"655\" height=\"605\" src=\"https:\/\/smartcoworking.ad\/wp-content\/uploads\/2019\/06\/floor_plan_entire_center.jpg\" class=\"attachment-full size-full wp-post-image\" alt=\"\" srcset=\"https:\/\/smartcoworking.ad\/wp-content\/uploads\/2019\/06\/floor_plan_entire_center.jpg 655w, https:\/\/smartcoworking.ad\/wp-content\/uploads\/2019\/06\/floor_plan_entire_center-300x277.jpg 300w, https:\/\/smartcoworking.ad\/wp-content\/uploads\/2019\/06\/floor_plan_entire_center-550x508.jpg 550w\" sizes=\"auto, (max-width: 655px) 100vw, 655px\" \/><span class=\"header count\">06.<\/span>\r\n\t\t\t\t\t\t\t<div class=\"arrows\">\r\n\t\t\t\t\t\t\t\t<a href=\"#\" class=\"arrow-left fa fa-chevron-left\"><\/a><a href=\"#\" class=\"arrow-right fa fa-chevron-right\"><\/a>\r\n\t\t\t\t\t\t\t<\/div>\t\t\t\t\r\n\t\t\t\t\t\t<\/div>\r\n\t\t\t\t\t<\/div>\r\n\t\t\t\t<\/div>\r\n\t\t\t<\/div>\r\n\t\t\t<div class=\"swiper-slide\">\r\n\t\t\t\t<div class=\"row\">\r\n\t\t\t\t\t<div class=\"col-lg-4\">\r\n\t\t\t\t\t\t<div class=\"ltx-wrapper\"><div class=\"heading header-underline\"><h3 class=\"header\">Entire floor 1<\/h3><\/div><div class=\"text\">[vc_row][vc_column][vc_custom_heading text=\"Entire floor 1\" font_container=\"tag:h6|text_align:left\" use_theme_fonts=\"yes\"][vc_column_text]The first floor of our center in Princep Benlloch has over 16 units and 1 conference room available for your meetings and business visits. Further our center is offering a coffee machine.\r\n[\/vc_column_text]<div class=\"align-default icon-style-\"><ul class=\"social-icons-list bg-main  icon-style-\" id=\"like_sc_header_2075016972\"><li class=\" \"><span class=\"icon-area\"><\/span><span class=\"head\">Number of offices : <strong> 16 <\/strong><\/span><\/li><li class=\" \"><span class=\"icon-chair\"><\/span><span class=\"head\">Total area in sqm : <strong> 400 <\/strong><\/span><\/li><li class=\" \"><span class=\"icon-payment\"><\/span><span class=\"head\">Bathrooms : <strong> 4 <\/strong><\/span><\/li><\/ul><\/div>[\/vc_column][\/vc_row]<\/div>\r\n\t\t\t\t\t\t<\/div>\r\n\t\t\t\t\t<\/div>\t\t\t\r\n\t\t\t\t\t<div class=\"col-lg-8 ltx-image-wrapper\">\r\n\t\t\t\t\t\t<div class=\"ltx-image\"><img loading=\"lazy\" decoding=\"async\" width=\"640\" height=\"424\" src=\"https:\/\/smartcoworking.ad\/wp-content\/uploads\/2019\/06\/Render_p1.png\" class=\"attachment-full size-full wp-post-image\" alt=\"\" srcset=\"https:\/\/smartcoworking.ad\/wp-content\/uploads\/2019\/06\/Render_p1.png 640w, https:\/\/smartcoworking.ad\/wp-content\/uploads\/2019\/06\/Render_p1-300x199.png 300w, https:\/\/smartcoworking.ad\/wp-content\/uploads\/2019\/06\/Render_p1-128x84.png 128w, https:\/\/smartcoworking.ad\/wp-content\/uploads\/2019\/06\/Render_p1-470x310.png 470w, https:\/\/smartcoworking.ad\/wp-content\/uploads\/2019\/06\/Render_p1-550x364.png 550w\" sizes=\"auto, (max-width: 640px) 100vw, 640px\" \/><span class=\"header count\">07.<\/span>\r\n\t\t\t\t\t\t\t<div class=\"arrows\">\r\n\t\t\t\t\t\t\t\t<a href=\"#\" class=\"arrow-left fa fa-chevron-left\"><\/a><a href=\"#\" class=\"arrow-right fa fa-chevron-right\"><\/a>\r\n\t\t\t\t\t\t\t<\/div>\t\t\t\t\r\n\t\t\t\t\t\t<\/div>\r\n\t\t\t\t\t<\/div>\r\n\t\t\t\t<\/div>\r\n\t\t\t<\/div>\r\n\t\t\t<div class=\"swiper-slide\">\r\n\t\t\t\t<div class=\"row\">\r\n\t\t\t\t\t<div class=\"col-lg-4\">\r\n\t\t\t\t\t\t<div class=\"ltx-wrapper\"><div class=\"heading header-underline\"><h3 class=\"header\">Coworking<\/h3><\/div><div class=\"text\">[vc_row][vc_column][vc_column_text]This space offers different workstations in the open space and three private offices. In addition, the coworking offers a lounge area with sofas and a coffee machine.\r\n[\/vc_column_text]<div class=\"align-default icon-style-\"><ul class=\"social-icons-list bg-main  icon-style-\" id=\"like_sc_header_711676224\"><li class=\" \"><span class=\"icon-area\"><\/span><span class=\"head\">Total area in sqm : <strong> 400 <\/strong><\/span><\/li><\/ul><\/div>[\/vc_column][\/vc_row]<\/div>\r\n\t\t\t\t\t\t<\/div>\r\n\t\t\t\t\t<\/div>\t\t\t\r\n\t\t\t\t\t<div class=\"col-lg-8 ltx-image-wrapper\">\r\n\t\t\t\t\t\t<div class=\"ltx-image\"><img loading=\"lazy\" decoding=\"async\" width=\"672\" height=\"476\" src=\"https:\/\/smartcoworking.ad\/wp-content\/uploads\/2018\/05\/plano-3D-coworking-andorra.jpg\" class=\"attachment-full size-full wp-post-image\" alt=\"\" srcset=\"https:\/\/smartcoworking.ad\/wp-content\/uploads\/2018\/05\/plano-3D-coworking-andorra.jpg 672w, https:\/\/smartcoworking.ad\/wp-content\/uploads\/2018\/05\/plano-3D-coworking-andorra-300x213.jpg 300w, https:\/\/smartcoworking.ad\/wp-content\/uploads\/2018\/05\/plano-3D-coworking-andorra-550x390.jpg 550w\" sizes=\"auto, (max-width: 672px) 100vw, 672px\" \/><span class=\"header count\">08.<\/span>\r\n\t\t\t\t\t\t\t<div class=\"arrows\">\r\n\t\t\t\t\t\t\t\t<a href=\"#\" class=\"arrow-left fa fa-chevron-left\"><\/a><a href=\"#\" class=\"arrow-right fa fa-chevron-right\"><\/a>\r\n\t\t\t\t\t\t\t<\/div>\t\t\t\t\r\n\t\t\t\t\t\t<\/div>\r\n\t\t\t\t\t<\/div>\r\n\t\t\t\t<\/div>\r\n\t\t\t<\/div><\/div><\/div><\/div><div class=\"es-resp\">\t<div class=\"visible-xl\" style=\"height: 128px;\"><\/div>\t<div class=\"hidden-xl hidden-md hidden-sm hidden-ms hidden-xs\" style=\"height: 128px;\"><\/div>\t<div class=\"visible-md\" style=\"height: 128px;\"><\/div>\t<div class=\"visible-sm \" style=\"height: 128px;\"><\/div>\t<div class=\"visible-ms\" style=\"height: 128px;\"><\/div>\t<div class=\"visible-xs\" style=\"height: 128px;\"><\/div><\/div>[\/vc_column][\/vc_row][\/vc_section][vc_section full_width=\u00bbstretch_row\u00bb parallax=\u00bbcontent-moving\u00bb parallax_speed_bg=\u00bb2.5&#8243; disable_element=\u00bbyes\u00bb bg_color_select=\u00bbblack\u00bb bg_overlay=\u00bbhalf\u00bb css=\u00bb.vc_custom_1732884324454{background-image: url(https:\/\/smartcoworking.ad\/wp-content\/uploads\/2018\/02\/testimonials_parallax.jpg?id=9643) !important;}\u00bb][vc_row][vc_column]<div class=\"es-resp\">\t<div class=\"visible-xl\" style=\"height: 48px;\"><\/div>\t<div class=\"hidden-xl hidden-md hidden-sm hidden-ms hidden-xs\" style=\"height: 48px;\"><\/div>\t<div class=\"visible-md\" style=\"height: 48px;\"><\/div>\t<div class=\"visible-sm \" style=\"height: 48px;\"><\/div>\t<div class=\"visible-ms\" style=\"height: 32px;\"><\/div>\t<div class=\"visible-xs\" style=\"height: 32px;\"><\/div><\/div><div class=\"heading  header-underline align-center transform-default icon-type-hidden   vc_custom_1729772023120 heading-tag-h3\" id=\"like_sc_header_1613756511\"><h3 class=\"header ltx-sr-id-like_sc_header_1613756511960788128 ltx-sr ltx-sr-effect-fade_in ltx-sr-el-block ltx-sr-delay-0 ltx-sr-duration-1000 ltx-sr-sequences-0\">What our <span> Visitors Say <\/span><\/h3><\/div><div class=\"swiper-container testimonials-list testimonials-slider testimonials-slider-cols-1 layout- font-weight-bold  row\" data-cols=\"1\" data-autoplay=\"5000\"  id=\"like_sc_testimonials_1922773960\">\r\n\t\t\t\t<div class=\"swiper-wrapper\"><div class=\"swiper-slide\"><div class=\"inner matchHeight\"><div class=\"text\"><p>Nullam orci dui, dictum et magna sollicitudin, tempor blandit erat. Maecenas suscipit tellus sit amet augue placerat fringilla a id lacus. Morbi viverra volutpat ex, id pellentesque felis volutpat eu. Etiam mattis laoreet leo sed accumsan. Fusce tincidunt in leo lacinia condimentum.<\/p>\r\n\t\t\t\t<\/div><div class=\"author\"><div class=\"image\"><\/div><div class=\"header\">Patric Stone<\/div><div class=\"subheader\">Freelancer<\/div><\/div>\t\t\t\t\t\r\n\t\t\t<\/div><\/div><div class=\"swiper-slide\"><div class=\"inner matchHeight\"><div class=\"text\"><p>Lorem ipsum dolor sit amet, consectetur adipiscing elit. Morbi viverra volutpat ex, id pellentesque felis volutpat eu. Nullam facilisis at turpis eu faucibus. In dignissim, enim eu ornare aliquet, metus ex tempor neque, sit amet efficitur turpis lorem et odio.<\/p>\r\n\t\t\t\t<\/div><div class=\"author\"><div class=\"image\"><\/div><div class=\"header\">Hugo James<\/div><div class=\"subheader\">Manager<\/div><\/div>\t\t\t\t\t\r\n\t\t\t<\/div><\/div><div class=\"swiper-slide\"><div class=\"inner matchHeight\"><div class=\"text\"><p>Morbi viverra volutpat ex, id pellentesque felis volutpat eu. Duis et tellus imperdiet, lacinia risus id, tincidunt ipsum. Integer euismod elit vel nibh commodo, at consequat nisl rhoncus. Etiam mattis laoreet leo sed accumsan. Aliquam tempor lorem odio, non aliquam nunc egestas in.<\/p>\r\n\t\t\t\t<\/div><div class=\"author\"><div class=\"image\"><\/div><div class=\"header\">Stefanie Rashford<\/div><div class=\"subheader\">Developer<\/div><\/div>\t\t\t\t\t\r\n\t\t\t<\/div><\/div><div class=\"swiper-slide\"><div class=\"inner matchHeight\"><div class=\"text\"><p>Nullam orci dui, dictum et magna sollicitudin, tempor blandit erat. Maecenas suscipit tellus sit amet augue placerat fringilla a id lacus. Fusce tincidunt in leo lacinia condimentum. Donec placerat, orci vel consequat mattis, sapien lacus pretium mi, sed lacinia dolor nibh non mi.<\/p>\r\n\t\t\t\t<\/div><div class=\"author\"><div class=\"image\"><\/div><div class=\"header\">Anastasia Stone<\/div><div class=\"subheader\">Designer<\/div><\/div>\t\t\t\t\t\r\n\t\t\t<\/div><\/div><div class=\"swiper-slide\"><div class=\"inner matchHeight\"><div class=\"text\"><p>Lorem ipsum dolor sit amet, consectetur adipiscing elit. Nullam facilisis at turpis eu faucibus. In dignissim, enim eu ornare aliquet, metus ex tempor neque, sit amet efficitur turpis lorem et odio.<\/p>\r\n\t\t\t\t<\/div><div class=\"author\"><div class=\"image\"><\/div><div class=\"header\">Patricia James<\/div><div class=\"subheader\">Company Owner<\/div><\/div>\t\t\t\t\t\r\n\t\t\t<\/div><\/div><\/div><div class=\"arrows\">\r\n\t\t\t\t<a href=\"#\" class=\"arrow-left fa fa-chevron-left\"><\/a>\r\n\t\t\t\t<a href=\"#\" class=\"arrow-right fa fa-chevron-right\"><\/a>\r\n\t\t\t<\/div><\/div><div class=\"es-resp\">\t<div class=\"visible-xl\" style=\"height: 110px;\"><\/div>\t<div class=\"hidden-xl hidden-md hidden-sm hidden-ms hidden-xs\" style=\"height: 110px;\"><\/div>\t<div class=\"visible-md\" style=\"height: 32px;\"><\/div>\t<div class=\"visible-sm \" style=\"height: 32px;\"><\/div>\t<div class=\"visible-ms\" style=\"height: 32px;\"><\/div>\t<div class=\"visible-xs\" style=\"height: 32px;\"><\/div><\/div>[\/vc_column][\/vc_row][\/vc_section][vc_section disable_element=\u00bbyes\u00bb][vc_row][vc_column]<div class=\"es-resp\">\t<div class=\"visible-xl\" style=\"height: 48px;\"><\/div>\t<div class=\"hidden-xl hidden-md hidden-sm hidden-ms hidden-xs\" style=\"height: 48px;\"><\/div>\t<div class=\"visible-md\" style=\"height: 48px;\"><\/div>\t<div class=\"visible-sm \" style=\"height: 48px;\"><\/div>\t<div class=\"visible-ms\" style=\"height: 32px;\"><\/div>\t<div class=\"visible-xs\" style=\"height: 32px;\"><\/div><\/div><div class=\"heading  header-underline align-center transform-default icon-type-hidden heading-tag-h3\" id=\"like_sc_header_486498006\"><h3 class=\"header ltx-sr-id-like_sc_header_486498006751646946 ltx-sr ltx-sr-effect-fade_in ltx-sr-el-block ltx-sr-delay-0 ltx-sr-duration-1000 ltx-sr-sequences-0\">Recent <span> articles <\/span><\/h3><\/div><div class=\"es-resp\">\t<div class=\"visible-xl\" style=\"height: 36px;\"><\/div>\t<div class=\"hidden-xl hidden-md hidden-sm hidden-ms hidden-xs\" style=\"height: 36px;\"><\/div>\t<div class=\"visible-md\" style=\"height: 36px;\"><\/div>\t<div class=\"visible-sm \" style=\"height: 36px;\"><\/div>\t<div class=\"visible-ms\" style=\"height: 32px;\"><\/div>\t<div class=\"visible-xs\" style=\"height: 32px;\"><\/div><\/div><div class=\"blog blog-sc row centered layout-posts size-default\"><div class=\"items col-lg-4 col-md-4 col-sm-6 col-ms-12 col-xs-12\"><article id=\"post-14767\" class=\"post-14767 post type-post status-publish format-standard has-post-thumbnail hentry category-business category-fiscalidad category-legal category-negocios category-startup-es\">\r\n\t<a href=\"https:\/\/smartcoworking.ad\/es\/registro-sociedades-mercantiles-registro-comercio-industria-andorra\/\" class=\"photo\"><img loading=\"lazy\" decoding=\"async\" width=\"1120\" height=\"720\" src=\"https:\/\/smartcoworking.ad\/wp-content\/uploads\/2025\/10\/Blog-tarjeta-registre-societats-versus-tarjeta-registre-comerc-1120x720.png\" class=\"attachment-post-thumbnail size-post-thumbnail wp-post-image\" alt=\"\" \/><\/a><span class=\"ltx-cats\"><a href=\"https:\/\/smartcoworking.ad\/es\/category\/business\/\">Business<\/a><\/span>    <div class=\"description\">\r\n    \t<div class=\"ltx-post-headline\"><a href=\"https:\/\/smartcoworking.ad\/es\/registro-sociedades-mercantiles-registro-comercio-industria-andorra\/\" class=\"ltx-date\"><span class=\"fa fa-clock-o\"><\/span><span class=\"dt\">4 de noviembre de 2025<\/span><\/a><\/div>        <a href=\"https:\/\/smartcoworking.ad\/es\/registro-sociedades-mercantiles-registro-comercio-industria-andorra\/\" class=\"header\"><h3>Registro de sociedades mercantiles y registro de comercio e industria en Andorra &#8211; \u00bfcu\u00e1l corresponde a su empresa?<\/h3><\/a>\r\n                <div class=\"text text-page\">\r\n\t\t\t<a href=\"https:\/\/smartcoworking.ad\/es\/registro-sociedades-mercantiles-registro-comercio-industria-andorra\/\" class=\"more-link\">Leer m\u00e1s<\/a>        <\/div>            \r\n    <\/div>    \r\n<\/article><\/div><div class=\"items col-lg-4 col-md-4 col-sm-6 col-ms-12 col-xs-12\"><article id=\"post-14627\" class=\"post-14627 post type-post status-publish format-standard has-post-thumbnail hentry category-testimonios category-testimonis-es tag-ciberseguridad tag-ciberseguritat-es tag-coworking-es tag-innovacio-es tag-innovacion tag-serveis-tecnologic-es tag-servicios-tecnologicos tag-testimonios tag-testimonis-es\">\r\n\t<a href=\"https:\/\/smartcoworking.ad\/es\/vunkers-it-experts-tecnologia-como-motor-de-crecimiento-empresarial-desde-andorra\/\" class=\"photo\"><img loading=\"lazy\" decoding=\"async\" width=\"1120\" height=\"600\" src=\"https:\/\/smartcoworking.ad\/wp-content\/uploads\/2025\/07\/entrevista-vunkers-it-experts-1120x600.png\" class=\"attachment-post-thumbnail size-post-thumbnail wp-post-image\" alt=\"\" \/><\/a><span class=\"ltx-cats\"><a href=\"https:\/\/smartcoworking.ad\/es\/category\/testimonios\/\">Testimonios<\/a><\/span>    <div class=\"description\">\r\n    \t<div class=\"ltx-post-headline\"><a href=\"https:\/\/smartcoworking.ad\/es\/vunkers-it-experts-tecnologia-como-motor-de-crecimiento-empresarial-desde-andorra\/\" class=\"ltx-date\"><span class=\"fa fa-clock-o\"><\/span><span class=\"dt\">7 de julio de 2025<\/span><\/a><\/div>        <a href=\"https:\/\/smartcoworking.ad\/es\/vunkers-it-experts-tecnologia-como-motor-de-crecimiento-empresarial-desde-andorra\/\" class=\"header\"><h3>Vunkers IT Experts: La tecnolog\u00eda como motor de crecimiento empresarial desde Andorra<\/h3><\/a>\r\n                <div class=\"text text-page\">\r\n\t\t\t<a href=\"https:\/\/smartcoworking.ad\/es\/vunkers-it-experts-tecnologia-como-motor-de-crecimiento-empresarial-desde-andorra\/\" class=\"more-link\">Leer m\u00e1s<\/a>        <\/div>            \r\n    <\/div>    \r\n<\/article><\/div><\/div><div class=\"clear\"><\/div><div class=\"es-resp\">\t<div class=\"visible-xl\" style=\"height: 32px;\"><\/div>\t<div class=\"hidden-xl hidden-md hidden-sm hidden-ms hidden-xs\" style=\"height: 32px;\"><\/div>\t<div class=\"visible-md\" style=\"height: 32px;\"><\/div>\t<div class=\"visible-sm \" style=\"height: 32px;\"><\/div>\t<div class=\"visible-ms\" style=\"height: 32px;\"><\/div>\t<div class=\"visible-xs\" style=\"height: 32px;\"><\/div><\/div>[\/vc_column][\/vc_row][\/vc_section][vc_section][vc_row][vc_column]<div class=\"heading  header-underline align-center transform-default icon-type-hidden heading-tag-h3\" id=\"like_sc_header_323086939\"><h3 class=\"header ltx-sr-id-like_sc_header_323086939645357418 ltx-sr ltx-sr-effect-fade_in ltx-sr-el-block ltx-sr-delay-0 ltx-sr-duration-1000 ltx-sr-sequences-0\">Art\u00edculos <span> recientes <\/span><\/h3><\/div>[vc_empty_space][\/vc_column][\/vc_row][vc_row][vc_column width=\u00bb1\/3&#8243;][vc_single_image image=\u00bb12460&#8243; img_size=\u00bbfull\u00bb][vc_column_text css=\u00bb.vc_custom_1731062336677{margin-top: 30px !important;}\u00bb]<\/p>\n<p style=\"color: #800d20;\"><i>Ubicaci\u00f3n<\/i><\/p>\n<p>[\/vc_column_text][vc_custom_heading text=\u00bbSmart Country Andorra\u00bb font_container=\u00bbtag:h5|font_size:28px|text_align:left\u00bb use_theme_fonts=\u00bbyes\u00bb css=\u00bb.vc_custom_1731062432094{margin-top: 15px !important;}\u00bb][vc_column_text]Andorra ha elegido un nuevo camino para convertirse en un centro innovador y tecnol\u00f3gico para empresarios e inversores de todo el mundo. Descubre lo que Andorra puede ofrecer para tu \u00abnegocio inteligente\u00bb.[\/vc_column_text][\/vc_column][vc_column width=\u00bb1\/3&#8243;][vc_single_image image=\u00bb12470&#8243; img_size=\u00bbfull\u00bb][vc_column_text css=\u00bb.vc_custom_1731062326342{margin-top: 30px !important;}\u00bb]<\/p>\n<p style=\"color: #800d20;\"><i>Estilo de vida<\/i><\/p>\n<p>[\/vc_column_text][vc_custom_heading text=\u00bbTrabaja duro &#8211; vive sano\u00bb font_container=\u00bbtag:h5|font_size:28px|text_align:left\u00bb use_theme_fonts=\u00bbyes\u00bb css=\u00bb.vc_custom_1731062441150{margin-top: 15px !important;}\u00bb][vc_column_text]Andorra ofrece posibilidades ilimitadas para un estilo de vida equilibrado y saludable. Si te gusta el aire libre, eres un amante de la cultura y la gastronom\u00eda, descubrir\u00e1s que distraerte no es dif\u00edcil en Andorra. Haz amigos y contactos en nuestro espacio de coworking.[\/vc_column_text][\/vc_column][vc_column width=\u00bb1\/3&#8243;][vc_single_image image=\u00bb12465&#8243; img_size=\u00bbfull\u00bb][vc_column_text css=\u00bb.vc_custom_1731062352461{margin-top: 30px !important;}\u00bb]<\/p>\n<p style=\"color: #800d20;\"><i>Fiscalidad<\/i><\/p>\n<p>[\/vc_column_text][vc_custom_heading text=\u00bbImpuestos bajos con normas estrictas\u00bb font_container=\u00bbtag:h5|font_size:28px|text_align:left\u00bb use_theme_fonts=\u00bbyes\u00bb css=\u00bb.vc_custom_1731062448565{margin-top: 15px !important;}\u00bb][vc_column_text]Andorra tiene unos de los impuestos de sociedades y sobre la renta de las personas f\u00edsicas m\u00e1s bajos de Europa. Sin embargo, cumple estrictamente la normativa internacional contra el blanqueo de dinero y aplica una estricta pol\u00edtica de requisitos de sustancia.[\/vc_column_text][\/vc_column][\/vc_row][\/vc_section][vc_row][vc_column][vc_empty_space height=\u00bb60px\u00bb][\/vc_column][\/vc_row]<\/p>\n","protected":false},"excerpt":{"rendered":"<p>[vc_row full_width=\u00bbstretch_row_content_no_spaces\u00bb full_height=\u00bbyes\u00bb css=\u00bb.vc_custom_1736965956337{background-image: url(https:\/\/smartcoworking.ad\/wp-content\/uploads\/2025\/01\/Smart-Coworking-10-scaled-e1736965930463.jpg?id=13732) !important;background-position: center !important;background-repeat: no-repeat !important;background-size: cover !important;}\u00bb][vc_column][\/vc_column][vc_column][\/vc_column][\/vc_row][vc_row full_width=\u00bbstretch_row_content_no_spaces\u00bb disable_element=\u00bbyes\u00bb bg_color_select=\u00bbblack\u00bb theme_section=\u00bbdisplaced-top\u00bb][vc_column][\/vc_column][\/vc_row][vc_section full_width=\u00bbstretch_row\u00bb text_align=\u00bbcenter-md-sm-ms\u00bb][vc_row][vc_column][\/vc_column][\/vc_row][vc_row][vc_column width=\u00bb1\/6&#8243;][\/vc_column][vc_column width=\u00bb2\/3&#8243;][vc_column_text css=\u00bb.vc_custom_1752487643061{margin-bottom: 10px !important;}\u00bb] SMART Coworking &#8211; el primer y m\u00e1s grande espacio de coworking premium de Andorra &#8211; est\u00e1 situado a pocos pasos de las principales instituciones gubernamentales de Andorra la Vella. Nuestras modernas instalaciones de 1600 m\u00b2 ofrecen un entorno profesional en el coraz\u00f3n de los Pirineos. [\/vc_column_text][vc_column_text css=\u00bb.vc_custom_1742667649514{margin-bottom: 10px !important;}\u00bb] Elige entre espacios compartidos din\u00e1micos u oficinas privadas que ofrecen la flexibilidad que necesitas para hacer crecer tu negocio y cumplir con todos los requisitos legales de domiciliaci\u00f3n. Con presencia en Barcelona, permanecer conectado m\u00e1s all\u00e1 de las fronteras no supone ning\u00fan esfuerzo. [\/vc_column_text][vc_column_text css=\u00bb.vc_custom_1742667656265{margin-bottom: 10px !important;}\u00bb] \u00danete [&hellip;]<\/p>\n","protected":false},"author":1,"featured_media":0,"parent":0,"menu_order":0,"comment_status":"closed","ping_status":"closed","template":"page-templates\/full-width.php","meta":{"_acf_changed":false,"_coblocks_attr":"","_coblocks_dimensions":"","_coblocks_responsive_height":"","_coblocks_accordion_ie_support":"","footnotes":""},"class_list":["post-12985","page","type-page","status-publish","hentry","has-post-thumbnail"],"acf":[],"yoast_head":"<!-- This site is optimized with the Yoast SEO plugin v27.5 - https:\/\/yoast.com\/product\/yoast-seo-wordpress\/ -->\n<title>SMART Coworking Andorra<\/title>\n<meta name=\"description\" content=\"SMART Coworking Andorra. Tu negocio en Andorra. Dedicated Desk, Hot Desk, Sala de Reuniones, Domiciliaci\u00f3n de Empresas y Oficina Privada.\" \/>\n<meta name=\"robots\" content=\"index, follow, max-snippet:-1, max-image-preview:large, max-video-preview:-1\" \/>\n<link rel=\"canonical\" href=\"https:\/\/smartcoworking.ad\/es\/\" \/>\n<meta property=\"og:locale\" content=\"es_ES\" \/>\n<meta property=\"og:type\" content=\"article\" \/>\n<meta property=\"og:title\" content=\"SMART Coworking Andorra\" \/>\n<meta property=\"og:description\" content=\"SMART Coworking Andorra. Tu negocio en Andorra. Dedicated Desk, Hot Desk, Sala de Reuniones, Domiciliaci\u00f3n de Empresas y Oficina Privada.\" \/>\n<meta property=\"og:url\" content=\"https:\/\/smartcoworking.ad\/es\/\" \/>\n<meta property=\"og:site_name\" content=\"SMART Coworking\" \/>\n<meta property=\"article:publisher\" content=\"https:\/\/www.facebook.com\/smartexecutiveandorra\" \/>\n<meta property=\"article:modified_time\" content=\"2026-04-29T09:55:41+00:00\" \/>\n<meta name=\"twitter:card\" content=\"summary_large_image\" \/>\n<meta name=\"twitter:site\" content=\"@smart_exe_and\" \/>\n<meta name=\"twitter:label1\" content=\"Tiempo de lectura\" \/>\n\t<meta name=\"twitter:data1\" content=\"10 minutos\" \/>\n<script type=\"application\/ld+json\" class=\"yoast-schema-graph\">{\"@context\":\"https:\\\/\\\/schema.org\",\"@graph\":[{\"@type\":\"WebPage\",\"@id\":\"https:\\\/\\\/smartcoworking.ad\\\/es\\\/\",\"url\":\"https:\\\/\\\/smartcoworking.ad\\\/es\\\/\",\"name\":\"SMART Coworking Andorra\",\"isPartOf\":{\"@id\":\"https:\\\/\\\/smartcoworking.ad\\\/es\\\/#website\"},\"datePublished\":\"2019-01-30T19:21:33+00:00\",\"dateModified\":\"2026-04-29T09:55:41+00:00\",\"description\":\"SMART Coworking Andorra. Tu negocio en Andorra. Dedicated Desk, Hot Desk, Sala de Reuniones, Domiciliaci\u00f3n de Empresas y Oficina Privada.\",\"breadcrumb\":{\"@id\":\"https:\\\/\\\/smartcoworking.ad\\\/es\\\/#breadcrumb\"},\"inLanguage\":\"es\",\"potentialAction\":[{\"@type\":\"ReadAction\",\"target\":[\"https:\\\/\\\/smartcoworking.ad\\\/es\\\/\"]}]},{\"@type\":\"BreadcrumbList\",\"@id\":\"https:\\\/\\\/smartcoworking.ad\\\/es\\\/#breadcrumb\",\"itemListElement\":[{\"@type\":\"ListItem\",\"position\":1,\"name\":\"Hogar\",\"item\":\"https:\\\/\\\/smartcoworking.ad\\\/es\\\/\"},{\"@type\":\"ListItem\",\"position\":2,\"name\":\"P\u00e1gina de inicio Coworking\"}]},{\"@type\":\"WebSite\",\"@id\":\"https:\\\/\\\/smartcoworking.ad\\\/es\\\/#website\",\"url\":\"https:\\\/\\\/smartcoworking.ad\\\/es\\\/\",\"name\":\"SMART Coworking\",\"description\":\"Coworking Spaces in Andorra\",\"potentialAction\":[{\"@type\":\"SearchAction\",\"target\":{\"@type\":\"EntryPoint\",\"urlTemplate\":\"https:\\\/\\\/smartcoworking.ad\\\/es\\\/?s={search_term_string}\"},\"query-input\":{\"@type\":\"PropertyValueSpecification\",\"valueRequired\":true,\"valueName\":\"search_term_string\"}}],\"inLanguage\":\"es\"}]}<\/script>\n<!-- \/ Yoast SEO plugin. -->","yoast_head_json":{"title":"SMART Coworking Andorra","description":"SMART Coworking Andorra. Tu negocio en Andorra. Dedicated Desk, Hot Desk, Sala de Reuniones, Domiciliaci\u00f3n de Empresas y Oficina Privada.","robots":{"index":"index","follow":"follow","max-snippet":"max-snippet:-1","max-image-preview":"max-image-preview:large","max-video-preview":"max-video-preview:-1"},"canonical":"https:\/\/smartcoworking.ad\/es\/","og_locale":"es_ES","og_type":"article","og_title":"SMART Coworking Andorra","og_description":"SMART Coworking Andorra. Tu negocio en Andorra. Dedicated Desk, Hot Desk, Sala de Reuniones, Domiciliaci\u00f3n de Empresas y Oficina Privada.","og_url":"https:\/\/smartcoworking.ad\/es\/","og_site_name":"SMART Coworking","article_publisher":"https:\/\/www.facebook.com\/smartexecutiveandorra","article_modified_time":"2026-04-29T09:55:41+00:00","twitter_card":"summary_large_image","twitter_site":"@smart_exe_and","twitter_misc":{"Tiempo de lectura":"10 minutos"},"schema":{"@context":"https:\/\/schema.org","@graph":[{"@type":"WebPage","@id":"https:\/\/smartcoworking.ad\/es\/","url":"https:\/\/smartcoworking.ad\/es\/","name":"SMART Coworking Andorra","isPartOf":{"@id":"https:\/\/smartcoworking.ad\/es\/#website"},"datePublished":"2019-01-30T19:21:33+00:00","dateModified":"2026-04-29T09:55:41+00:00","description":"SMART Coworking Andorra. Tu negocio en Andorra. Dedicated Desk, Hot Desk, Sala de Reuniones, Domiciliaci\u00f3n de Empresas y Oficina Privada.","breadcrumb":{"@id":"https:\/\/smartcoworking.ad\/es\/#breadcrumb"},"inLanguage":"es","potentialAction":[{"@type":"ReadAction","target":["https:\/\/smartcoworking.ad\/es\/"]}]},{"@type":"BreadcrumbList","@id":"https:\/\/smartcoworking.ad\/es\/#breadcrumb","itemListElement":[{"@type":"ListItem","position":1,"name":"Hogar","item":"https:\/\/smartcoworking.ad\/es\/"},{"@type":"ListItem","position":2,"name":"P\u00e1gina de inicio Coworking"}]},{"@type":"WebSite","@id":"https:\/\/smartcoworking.ad\/es\/#website","url":"https:\/\/smartcoworking.ad\/es\/","name":"SMART Coworking","description":"Coworking Spaces in Andorra","potentialAction":[{"@type":"SearchAction","target":{"@type":"EntryPoint","urlTemplate":"https:\/\/smartcoworking.ad\/es\/?s={search_term_string}"},"query-input":{"@type":"PropertyValueSpecification","valueRequired":true,"valueName":"search_term_string"}}],"inLanguage":"es"}]}},"_links":{"self":[{"href":"https:\/\/smartcoworking.ad\/es\/wp-json\/wp\/v2\/pages\/12985","targetHints":{"allow":["GET"]}}],"collection":[{"href":"https:\/\/smartcoworking.ad\/es\/wp-json\/wp\/v2\/pages"}],"about":[{"href":"https:\/\/smartcoworking.ad\/es\/wp-json\/wp\/v2\/types\/page"}],"author":[{"embeddable":true,"href":"https:\/\/smartcoworking.ad\/es\/wp-json\/wp\/v2\/users\/1"}],"replies":[{"embeddable":true,"href":"https:\/\/smartcoworking.ad\/es\/wp-json\/wp\/v2\/comments?post=12985"}],"version-history":[{"count":18,"href":"https:\/\/smartcoworking.ad\/es\/wp-json\/wp\/v2\/pages\/12985\/revisions"}],"predecessor-version":[{"id":15562,"href":"https:\/\/smartcoworking.ad\/es\/wp-json\/wp\/v2\/pages\/12985\/revisions\/15562"}],"wp:attachment":[{"href":"https:\/\/smartcoworking.ad\/es\/wp-json\/wp\/v2\/media?parent=12985"}],"curies":[{"name":"wp","href":"https:\/\/api.w.org\/{rel}","templated":true}]}}