{"id":13293,"date":"2024-10-23T05:43:44","date_gmt":"2024-10-23T05:43:44","guid":{"rendered":"https:\/\/smartcoworking.ad\/espanol\/"},"modified":"2025-04-25T12:08:51","modified_gmt":"2025-04-25T12:08:51","slug":"politica-de-privacidad","status":"publish","type":"page","link":"https:\/\/smartcoworking.ad\/es\/politica-de-privacidad\/","title":{"rendered":"Pol\u00edtica de privacidad"},"content":{"rendered":"<p>[vc_row][vc_column][vc_custom_heading text=\u00bbPol\u00edtica de Privacidad \u2013 Primera Capa\u00bb font_container=\u00bbtag:h6|font_size:25px|text_align:left|color:%23323c4c\u00bb google_fonts=\u00bbfont_family:Roboto%3A100%2C100italic%2C300%2C300italic%2Cregular%2Citalic%2C500%2C500italic%2C700%2C700italic%2C900%2C900italic|font_style:500%20bold%20regular%3A500%3Anormal\u00bb css=\u00bb.vc_custom_1730727375040{margin-top: 2rem !important;margin-bottom: 1rem !important;}\u00bb][\/vc_column][\/vc_row][vc_row][vc_column][vc_column_text]<\/p>\n<ul>\n<li><strong>Responsable<\/strong>: Smart Executive Centers Am, S.L.<\/li>\n<li><strong>Finalidad<\/strong>: Gestionar las consultas de los USUARIOS del Sitio Web.<\/li>\n<li><strong>Base legal<\/strong>: El consentimiento del USUARIO.<\/li>\n<li><strong>Objetivo<\/strong>: Sus datos no ser\u00e1n transferidos.<\/li>\n<li><strong>Conservaci\u00f3n<\/strong>: Plazo m\u00e1ximo legal establecido.<\/li>\n<li><strong>Derechos de los Interesados<\/strong>: Acceder, rectificar y cancelar los datos relativos a su persona, oponerse al tratamiento de los datos, solicitar la limitaci\u00f3n del tratamiento, o la portabilidad de los datos.<\/li>\n<\/ul>\n<p>[\/vc_column_text][\/vc_column][\/vc_row][vc_row][vc_column][vc_custom_heading text=\u00bbPol\u00edtica de privacidad \u2013 Segunda capa\u00bb font_container=\u00bbtag:h6|font_size:25px|text_align:left|color:%23323c4c\u00bb google_fonts=\u00bbfont_family:Roboto%3A100%2C100italic%2C300%2C300italic%2Cregular%2Citalic%2C500%2C500italic%2C700%2C700italic%2C900%2C900italic|font_style:500%20bold%20regular%3A500%3Anormal\u00bb css=\u00bb.vc_custom_1729764544041{margin-top: 2rem !important;}\u00bb][vc_custom_heading text=\u00bbDe conformidad con lo establecido en la Ley 15\/2003, de 18 de diciembre, Ley Cualificada de Protecci\u00f3n de Datos (LQPD) y el Reglamento de la Agencia Andorrana de Protecci\u00f3n de Datos que la desarrolla, as\u00ed como el Reglamento (UE) 2016\/679 del Parlamento Europeo y del Consejo, de 27 de abril de 2016, Reglamento General de Protecci\u00f3n de Datos (RGPD), le informamos que sus datos personales recogidos a trav\u00e9s del \u201cFormulario de Contacto\u201d, han sido incorporados a los ficheros debidamente registrados en la Agencia Andorrana de Protecci\u00f3n de Datos (APDA), y ser\u00e1n tratados por el Responsable del Tratamiento:\u00bb font_container=\u00bbtag:p|font_size:16px|text_align:left|color:%23000000&#8243; google_fonts=\u00bbfont_family:Roboto%3A100%2C100italic%2C300%2C300italic%2Cregular%2Citalic%2C500%2C500italic%2C700%2C700italic%2C900%2C900italic|font_style:400%20regular%3A400%3Anormal\u00bb][vc_custom_heading text=\u00bb\u2013 Responsable del tratamiento: SMART EXECUTIVE CENTERS AM, S.L.\u00bb font_container=\u00bbtag:p|font_size:16px|text_align:left|color:%23000000&#8243; google_fonts=\u00bbfont_family:Roboto%3A100%2C100italic%2C300%2C300italic%2Cregular%2Citalic%2C500%2C500italic%2C700%2C700italic%2C900%2C900italic|font_style:400%20regular%3A400%3Anormal\u00bb][vc_column_text]<\/p>\n<ul>\n<li><strong>NRT<\/strong>: 712110-E<\/li>\n<li><strong>Direcci\u00f3n postal<\/strong>: C\/Pere d\u2019Urg 10, 5. Edifici Montducal (AD500) Andorra la Vella, Principado de Andorra.<\/li>\n<li><strong>Telephone number <\/strong>: (+376) 819 844<\/li>\n<li><strong>Direcci\u00f3n de correo electr\u00f3nico<\/strong>:<a href=\"mailto:info@smartcoworking.ad\"> info@smartcoworking.ad<\/a><\/li>\n<\/ul>\n<p>[\/vc_column_text][vc_custom_heading text=\u00bbSus datos ser\u00e1n tratados con la finalidad de gestionar la solicitud y\/o consulta del usuario. En caso de ser necesario contactar con usted, lo haremos mediante correo electr\u00f3nico.\u00bb font_container=\u00bbtag:p|font_size:16px|text_align:left|color:%23000000&#8243; google_fonts=\u00bbfont_family:Roboto%3A100%2C100italic%2C300%2C300italic%2Cregular%2Citalic%2C500%2C500italic%2C700%2C700italic%2C900%2C900italic|font_style:400%20regular%3A400%3Anormal\u00bb css=\u00bb.vc_custom_1729667649073{margin-top: 1rem !important;}\u00bb][vc_custom_heading text=\u00bbEl tratamiento de estos datos est\u00e1 basado en el consentimiento del usuario. Sus datos no se ceder\u00e1n a terceros salvo en los casos en que exista una obligaci\u00f3n legal. Los datos proporcionados se conservar\u00e1n durante el plazo m\u00e1ximo de 12 meses.\u00bb font_container=\u00bbtag:p|font_size:16px|text_align:left|color:%23000000&#8243; google_fonts=\u00bbfont_family:Roboto%3A100%2C100italic%2C300%2C300italic%2Cregular%2Citalic%2C500%2C500italic%2C700%2C700italic%2C900%2C900italic|font_style:400%20regular%3A400%3Anormal\u00bb][vc_custom_heading text=\u00bbSe le informa especialmente que SMART EXECUTIVE CENTERS AM, S.L. no toma decisiones automatizadas sobre este tipo de datos.\u00bb font_container=\u00bbtag:p|font_size:16px|text_align:left|color:%23000000&#8243; google_fonts=\u00bbfont_family:Roboto%3A100%2C100italic%2C300%2C300italic%2Cregular%2Citalic%2C500%2C500italic%2C700%2C700italic%2C900%2C900italic|font_style:400%20regular%3A400%3Anormal\u00bb][vc_custom_heading text=\u00bbAsimismo, le recordamos que tiene derecho en cualquier momento a acceder, rectificar y cancelar los datos relativos a su persona, as\u00ed como a oponerse al tratamiento de estos datos en la forma y con las limitaciones previstas por la ley, a solicitar la limitaci\u00f3n del tratamiento y la portabilidad de los datos, dirigi\u00e9ndose al Responsable del Tratamiento mediante correo electr\u00f3nico a info@executiveandorra.com. Se recuerda a los usuarios su derecho a presentar una reclamaci\u00f3n ante la Agencia Andorrana de Protecci\u00f3n de Datos (ADPA) en el caso de que consideren que se ha vulnerado alguno de sus derechos reconocidos por las disposiciones legales vigentes.\u00bb font_container=\u00bbtag:p|font_size:16px|text_align:left|color:%23000000&#8243; google_fonts=\u00bbfont_family:Roboto%3A100%2C100italic%2C300%2C300italic%2Cregular%2Citalic%2C500%2C500italic%2C700%2C700italic%2C900%2C900italic|font_style:400%20regular%3A400%3Anormal\u00bb][\/vc_column][\/vc_row]<\/p>\n","protected":false},"excerpt":{"rendered":"<p>[vc_row][vc_column][vc_custom_heading text=\u00bbPol\u00edtica de Privacidad \u2013 Primera Capa\u00bb font_container=\u00bbtag:h6|font_size:25px|text_align:left|color:%23323c4c\u00bb google_fonts=\u00bbfont_family:Roboto%3A100%2C100italic%2C300%2C300italic%2Cregular%2Citalic%2C500%2C500italic%2C700%2C700italic%2C900%2C900italic|font_style:500%20bold%20regular%3A500%3Anormal\u00bb css=\u00bb.vc_custom_1730727375040{margin-top: 2rem !important;margin-bottom: 1rem !important;}\u00bb][\/vc_column][\/vc_row][vc_row][vc_column][vc_column_text] Responsable: Smart Executive Centers Am, S.L. Finalidad: Gestionar las consultas de los USUARIOS del Sitio Web. Base legal: El consentimiento del USUARIO. Objetivo: Sus datos no ser\u00e1n transferidos. Conservaci\u00f3n: Plazo m\u00e1ximo legal establecido. Derechos de los Interesados: Acceder, rectificar y cancelar los datos relativos a su persona, oponerse al tratamiento de los datos, solicitar la limitaci\u00f3n del tratamiento, o la portabilidad de los datos. [\/vc_column_text][\/vc_column][\/vc_row][vc_row][vc_column][vc_custom_heading text=\u00bbPol\u00edtica de privacidad \u2013 Segunda capa\u00bb font_container=\u00bbtag:h6|font_size:25px|text_align:left|color:%23323c4c\u00bb google_fonts=\u00bbfont_family:Roboto%3A100%2C100italic%2C300%2C300italic%2Cregular%2Citalic%2C500%2C500italic%2C700%2C700italic%2C900%2C900italic|font_style:500%20bold%20regular%3A500%3Anormal\u00bb css=\u00bb.vc_custom_1729764544041{margin-top: 2rem !important;}\u00bb][vc_custom_heading text=\u00bbDe conformidad con lo establecido en la Ley 15\/2003, de 18 de diciembre, Ley Cualificada de Protecci\u00f3n de Datos (LQPD) y el Reglamento de la Agencia Andorrana de Protecci\u00f3n de [&hellip;]<\/p>\n","protected":false},"author":2,"featured_media":0,"parent":0,"menu_order":0,"comment_status":"closed","ping_status":"closed","template":"page-templates\/full-width.php","meta":{"_acf_changed":false,"_coblocks_attr":"","_coblocks_dimensions":"","_coblocks_responsive_height":"","_coblocks_accordion_ie_support":"","footnotes":""},"class_list":["post-13293","page","type-page","status-publish","hentry"],"acf":[],"yoast_head":"<!-- This site is optimized with the Yoast SEO plugin v27.5 - https:\/\/yoast.com\/product\/yoast-seo-wordpress\/ -->\n<title>Pol\u00edtica de privacidad - SMART Coworking<\/title>\n<meta name=\"robots\" content=\"index, follow, max-snippet:-1, max-image-preview:large, max-video-preview:-1\" \/>\n<link rel=\"canonical\" href=\"https:\/\/smartcoworking.ad\/es\/politica-de-privacidad\/\" \/>\n<meta property=\"og:locale\" content=\"es_ES\" \/>\n<meta property=\"og:type\" content=\"article\" \/>\n<meta property=\"og:title\" content=\"Pol\u00edtica de privacidad - SMART Coworking\" \/>\n<meta property=\"og:description\" content=\"[vc_row][vc_column][vc_custom_heading text=\u00bbPol\u00edtica de Privacidad \u2013 Primera Capa\u00bb font_container=\u00bbtag:h6|font_size:25px|text_align:left|color:%23323c4c\u00bb google_fonts=\u00bbfont_family:Roboto%3A100%2C100italic%2C300%2C300italic%2Cregular%2Citalic%2C500%2C500italic%2C700%2C700italic%2C900%2C900italic|font_style:500%20bold%20regular%3A500%3Anormal\u00bb css=\u00bb.vc_custom_1730727375040{margin-top: 2rem !important;margin-bottom: 1rem !important;}\u00bb][\/vc_column][\/vc_row][vc_row][vc_column][vc_column_text] Responsable: Smart Executive Centers Am, S.L. Finalidad: Gestionar las consultas de los USUARIOS del Sitio Web. Base legal: El consentimiento del USUARIO. Objetivo: Sus datos no ser\u00e1n transferidos. Conservaci\u00f3n: Plazo m\u00e1ximo legal establecido. Derechos de los Interesados: Acceder, rectificar y cancelar los datos relativos a su persona, oponerse al tratamiento de los datos, solicitar la limitaci\u00f3n del tratamiento, o la portabilidad de los datos. [\/vc_column_text][\/vc_column][\/vc_row][vc_row][vc_column][vc_custom_heading text=\u00bbPol\u00edtica de privacidad \u2013 Segunda capa\u00bb font_container=\u00bbtag:h6|font_size:25px|text_align:left|color:%23323c4c\u00bb google_fonts=\u00bbfont_family:Roboto%3A100%2C100italic%2C300%2C300italic%2Cregular%2Citalic%2C500%2C500italic%2C700%2C700italic%2C900%2C900italic|font_style:500%20bold%20regular%3A500%3Anormal\u00bb css=\u00bb.vc_custom_1729764544041{margin-top: 2rem !important;}\u00bb][vc_custom_heading text=\u00bbDe conformidad con lo establecido en la Ley 15\/2003, de 18 de diciembre, Ley Cualificada de Protecci\u00f3n de Datos (LQPD) y el Reglamento de la Agencia Andorrana de Protecci\u00f3n de [&hellip;]\" \/>\n<meta property=\"og:url\" content=\"https:\/\/smartcoworking.ad\/es\/politica-de-privacidad\/\" \/>\n<meta property=\"og:site_name\" content=\"SMART Coworking\" \/>\n<meta property=\"article:publisher\" content=\"https:\/\/www.facebook.com\/smartexecutiveandorra\" \/>\n<meta property=\"article:modified_time\" content=\"2025-04-25T12:08:51+00:00\" \/>\n<meta name=\"twitter:card\" content=\"summary_large_image\" \/>\n<meta name=\"twitter:site\" content=\"@smart_exe_and\" \/>\n<meta name=\"twitter:label1\" content=\"Tiempo de lectura\" \/>\n\t<meta name=\"twitter:data1\" content=\"2 minutos\" \/>\n<script type=\"application\/ld+json\" class=\"yoast-schema-graph\">{\"@context\":\"https:\\\/\\\/schema.org\",\"@graph\":[{\"@type\":\"WebPage\",\"@id\":\"https:\\\/\\\/smartcoworking.ad\\\/es\\\/politica-de-privacidad\\\/\",\"url\":\"https:\\\/\\\/smartcoworking.ad\\\/es\\\/politica-de-privacidad\\\/\",\"name\":\"Pol\u00edtica de privacidad - SMART Coworking\",\"isPartOf\":{\"@id\":\"https:\\\/\\\/smartcoworking.ad\\\/es\\\/#website\"},\"datePublished\":\"2024-10-23T05:43:44+00:00\",\"dateModified\":\"2025-04-25T12:08:51+00:00\",\"breadcrumb\":{\"@id\":\"https:\\\/\\\/smartcoworking.ad\\\/es\\\/politica-de-privacidad\\\/#breadcrumb\"},\"inLanguage\":\"es\",\"potentialAction\":[{\"@type\":\"ReadAction\",\"target\":[\"https:\\\/\\\/smartcoworking.ad\\\/es\\\/politica-de-privacidad\\\/\"]}]},{\"@type\":\"BreadcrumbList\",\"@id\":\"https:\\\/\\\/smartcoworking.ad\\\/es\\\/politica-de-privacidad\\\/#breadcrumb\",\"itemListElement\":[{\"@type\":\"ListItem\",\"position\":1,\"name\":\"Hogar\",\"item\":\"https:\\\/\\\/smartcoworking.ad\\\/es\\\/\"},{\"@type\":\"ListItem\",\"position\":2,\"name\":\"Pol\u00edtica de privacidad\"}]},{\"@type\":\"WebSite\",\"@id\":\"https:\\\/\\\/smartcoworking.ad\\\/es\\\/#website\",\"url\":\"https:\\\/\\\/smartcoworking.ad\\\/es\\\/\",\"name\":\"SMART Coworking\",\"description\":\"Coworking Spaces in Andorra\",\"potentialAction\":[{\"@type\":\"SearchAction\",\"target\":{\"@type\":\"EntryPoint\",\"urlTemplate\":\"https:\\\/\\\/smartcoworking.ad\\\/es\\\/?s={search_term_string}\"},\"query-input\":{\"@type\":\"PropertyValueSpecification\",\"valueRequired\":true,\"valueName\":\"search_term_string\"}}],\"inLanguage\":\"es\"}]}<\/script>\n<!-- \/ Yoast SEO plugin. -->","yoast_head_json":{"title":"Pol\u00edtica de privacidad - SMART Coworking","robots":{"index":"index","follow":"follow","max-snippet":"max-snippet:-1","max-image-preview":"max-image-preview:large","max-video-preview":"max-video-preview:-1"},"canonical":"https:\/\/smartcoworking.ad\/es\/politica-de-privacidad\/","og_locale":"es_ES","og_type":"article","og_title":"Pol\u00edtica de privacidad - SMART Coworking","og_description":"[vc_row][vc_column][vc_custom_heading text=\u00bbPol\u00edtica de Privacidad \u2013 Primera Capa\u00bb font_container=\u00bbtag:h6|font_size:25px|text_align:left|color:%23323c4c\u00bb google_fonts=\u00bbfont_family:Roboto%3A100%2C100italic%2C300%2C300italic%2Cregular%2Citalic%2C500%2C500italic%2C700%2C700italic%2C900%2C900italic|font_style:500%20bold%20regular%3A500%3Anormal\u00bb css=\u00bb.vc_custom_1730727375040{margin-top: 2rem !important;margin-bottom: 1rem !important;}\u00bb][\/vc_column][\/vc_row][vc_row][vc_column][vc_column_text] Responsable: Smart Executive Centers Am, S.L. Finalidad: Gestionar las consultas de los USUARIOS del Sitio Web. Base legal: El consentimiento del USUARIO. Objetivo: Sus datos no ser\u00e1n transferidos. Conservaci\u00f3n: Plazo m\u00e1ximo legal establecido. Derechos de los Interesados: Acceder, rectificar y cancelar los datos relativos a su persona, oponerse al tratamiento de los datos, solicitar la limitaci\u00f3n del tratamiento, o la portabilidad de los datos. [\/vc_column_text][\/vc_column][\/vc_row][vc_row][vc_column][vc_custom_heading text=\u00bbPol\u00edtica de privacidad \u2013 Segunda capa\u00bb font_container=\u00bbtag:h6|font_size:25px|text_align:left|color:%23323c4c\u00bb google_fonts=\u00bbfont_family:Roboto%3A100%2C100italic%2C300%2C300italic%2Cregular%2Citalic%2C500%2C500italic%2C700%2C700italic%2C900%2C900italic|font_style:500%20bold%20regular%3A500%3Anormal\u00bb css=\u00bb.vc_custom_1729764544041{margin-top: 2rem !important;}\u00bb][vc_custom_heading text=\u00bbDe conformidad con lo establecido en la Ley 15\/2003, de 18 de diciembre, Ley Cualificada de Protecci\u00f3n de Datos (LQPD) y el Reglamento de la Agencia Andorrana de Protecci\u00f3n de [&hellip;]","og_url":"https:\/\/smartcoworking.ad\/es\/politica-de-privacidad\/","og_site_name":"SMART Coworking","article_publisher":"https:\/\/www.facebook.com\/smartexecutiveandorra","article_modified_time":"2025-04-25T12:08:51+00:00","twitter_card":"summary_large_image","twitter_site":"@smart_exe_and","twitter_misc":{"Tiempo de lectura":"2 minutos"},"schema":{"@context":"https:\/\/schema.org","@graph":[{"@type":"WebPage","@id":"https:\/\/smartcoworking.ad\/es\/politica-de-privacidad\/","url":"https:\/\/smartcoworking.ad\/es\/politica-de-privacidad\/","name":"Pol\u00edtica de privacidad - SMART Coworking","isPartOf":{"@id":"https:\/\/smartcoworking.ad\/es\/#website"},"datePublished":"2024-10-23T05:43:44+00:00","dateModified":"2025-04-25T12:08:51+00:00","breadcrumb":{"@id":"https:\/\/smartcoworking.ad\/es\/politica-de-privacidad\/#breadcrumb"},"inLanguage":"es","potentialAction":[{"@type":"ReadAction","target":["https:\/\/smartcoworking.ad\/es\/politica-de-privacidad\/"]}]},{"@type":"BreadcrumbList","@id":"https:\/\/smartcoworking.ad\/es\/politica-de-privacidad\/#breadcrumb","itemListElement":[{"@type":"ListItem","position":1,"name":"Hogar","item":"https:\/\/smartcoworking.ad\/es\/"},{"@type":"ListItem","position":2,"name":"Pol\u00edtica de privacidad"}]},{"@type":"WebSite","@id":"https:\/\/smartcoworking.ad\/es\/#website","url":"https:\/\/smartcoworking.ad\/es\/","name":"SMART Coworking","description":"Coworking Spaces in Andorra","potentialAction":[{"@type":"SearchAction","target":{"@type":"EntryPoint","urlTemplate":"https:\/\/smartcoworking.ad\/es\/?s={search_term_string}"},"query-input":{"@type":"PropertyValueSpecification","valueRequired":true,"valueName":"search_term_string"}}],"inLanguage":"es"}]}},"_links":{"self":[{"href":"https:\/\/smartcoworking.ad\/es\/wp-json\/wp\/v2\/pages\/13293","targetHints":{"allow":["GET"]}}],"collection":[{"href":"https:\/\/smartcoworking.ad\/es\/wp-json\/wp\/v2\/pages"}],"about":[{"href":"https:\/\/smartcoworking.ad\/es\/wp-json\/wp\/v2\/types\/page"}],"author":[{"embeddable":true,"href":"https:\/\/smartcoworking.ad\/es\/wp-json\/wp\/v2\/users\/2"}],"replies":[{"embeddable":true,"href":"https:\/\/smartcoworking.ad\/es\/wp-json\/wp\/v2\/comments?post=13293"}],"version-history":[{"count":6,"href":"https:\/\/smartcoworking.ad\/es\/wp-json\/wp\/v2\/pages\/13293\/revisions"}],"predecessor-version":[{"id":14302,"href":"https:\/\/smartcoworking.ad\/es\/wp-json\/wp\/v2\/pages\/13293\/revisions\/14302"}],"wp:attachment":[{"href":"https:\/\/smartcoworking.ad\/es\/wp-json\/wp\/v2\/media?parent=13293"}],"curies":[{"name":"wp","href":"https:\/\/api.w.org\/{rel}","templated":true}]}}